{"id":2817,"date":"2024-01-18T17:00:30","date_gmt":"2024-01-18T16:00:30","guid":{"rendered":"https:\/\/avocatconnect.fr\/?page_id=2817"},"modified":"2024-02-12T19:18:37","modified_gmt":"2024-02-12T18:18:37","slug":"je-suis-un-particulier","status":"publish","type":"page","link":"https:\/\/avocatconnect.fr\/index.php\/je-suis-un-particulier\/","title":{"rendered":"JE SUIS UN PARTICULIER"},"content":{"rendered":"\n[et_pb_section fb_built=\u00a0\u00bb1&Prime; admin_label=\u00a0\u00bbHero\u00a0\u00bb _builder_version=\u00a0\u00bb4.16&Prime; use_background_color_gradient=\u00a0\u00bbon\u00a0\u00bb background_color_gradient_direction=\u00a0\u00bb90deg\u00a0\u00bb background_color_gradient_stops=\u00a0\u00bbrgba(240,242,246,0.5) 0%|rgba(255,255,255,0) 100%\u00a0\u00bb background_color_gradient_start=\u00a0\u00bbrgba(240,242,246,0.5)\u00a0\u00bb background_color_gradient_end=\u00a0\u00bbrgba(255,255,255,0)\u00a0\u00bb custom_padding=\u00a0\u00bb0|0px|0|0px|false|false\u00a0\u00bb global_colors_info=\u00a0\u00bb{}\u00a0\u00bb][et_pb_row column_structure=\u00a0\u00bb1_2,1_2&Prime; padding_top_bottom_link_1=\u00a0\u00bbtrue\u00a0\u00bb _builder_version=\u00a0\u00bb4.16&Prime; custom_padding=\u00a0\u00bb0|0px|0|0px|false|false\u00a0\u00bb global_colors_info=\u00a0\u00bb{}\u00a0\u00bb][et_pb_column type=\u00a0\u00bb1_2&Prime; _builder_version=\u00a0\u00bb4.16&Prime; background_color_gradient_direction=\u00a0\u00bb270deg\u00a0\u00bb background_color_gradient_start=\u00a0\u00bb#ffffff\u00a0\u00bb background_color_gradient_end=\u00a0\u00bbrgba(255,255,255,0.8)\u00a0\u00bb custom_padding=\u00a0\u00bb6vw||6vw|\u00a0\u00bb custom_padding_tablet=\u00a0\u00bb|5%||5%||true\u00a0\u00bb custom_padding_phone=\u00a0\u00bb|7%||7%||true\u00a0\u00bb global_colors_info=\u00a0\u00bb{}\u00a0\u00bb padding_phone=\u00a0\u00bb|7%||7%||true\u00a0\u00bb padding_tablet=\u00a0\u00bb|5%||5%||true\u00a0\u00bb custom_padding__hover=\u00a0\u00bb|||\u00a0\u00bb][et_pb_text _builder_version=\u00a0\u00bb4.23.4&Prime; _module_preset=\u00a0\u00bbdefault\u00a0\u00bb text_font=\u00a0\u00bbRufina||||||||\u00a0\u00bb text_text_color=\u00a0\u00bb#bc1823&Prime; text_font_size=\u00a0\u00bb37px\u00a0\u00bb text_line_height_tablet=\u00a0\u00bb\u00a0\u00bb text_line_height_phone=\u00a0\u00bb1.3em\u00a0\u00bb text_line_height_last_edited=\u00a0\u00bbon|phone\u00a0\u00bb global_colors_info=\u00a0\u00bb{}\u00a0\u00bb]<p>JE SUIS UN PARTICULIER<\/p>[\/et_pb_text][et_pb_text _builder_version=\u00a0\u00bb4.23.4&Prime; _module_preset=\u00a0\u00bbdefault\u00a0\u00bb text_font=\u00a0\u00bbRufina||||||||\u00a0\u00bb text_text_color=\u00a0\u00bb#000000&Prime; text_font_size=\u00a0\u00bb33px\u00a0\u00bb text_line_height=\u00a0\u00bb1.1em\u00a0\u00bb global_colors_info=\u00a0\u00bb{}\u00a0\u00bb]<p><span>Particulier \u00e0 la recherche de <span style=\"color: #ff0000;\">renseignements juridiques<\/span> ? Chez Avocat Connect, nous comprenons l&rsquo;importance de vos pr\u00e9occupations. Pour des questions sur vos droits individuels, des probl\u00e8mes familiaux ou des besoins contractuels, contactez-nous pour une assistance juridique personnalis\u00e9e et \u00e9clair\u00e9e<\/span><\/p>[\/et_pb_text][et_pb_button button_url=\u00a0\u00bbhttps:\/\/avocatconnect.fr\/index.php\/contact\/\u00a0\u00bb button_text=\u00a0\u00bbR\u00e9servez votre consultation\u00a0\u00bb _builder_version=\u00a0\u00bb4.23.4&Prime; _module_preset=\u00a0\u00bbdefault\u00a0\u00bb custom_button=\u00a0\u00bbon\u00a0\u00bb button_text_color=\u00a0\u00bb#FFFFFF\u00a0\u00bb button_bg_color=\u00a0\u00bb#00007f\u00a0\u00bb button_border_radius=\u00a0\u00bb25px\u00a0\u00bb button_font=\u00a0\u00bbRufina|||on|||||\u00a0\u00bb custom_margin=\u00a0\u00bb||||false|false\u00a0\u00bb custom_margin_tablet=\u00a0\u00bb||||false|false\u00a0\u00bb custom_margin_phone=\u00a0\u00bb|||50px|false|false\u00a0\u00bb custom_margin_last_edited=\u00a0\u00bbon|desktop\u00a0\u00bb button_text_size_tablet=\u00a0\u00bb\u00a0\u00bb button_text_size_phone=\u00a0\u00bb13px\u00a0\u00bb button_text_size_last_edited=\u00a0\u00bbon|phone\u00a0\u00bb global_colors_info=\u00a0\u00bb{}\u00a0\u00bb][\/et_pb_button][\/et_pb_column][et_pb_column type=\u00a0\u00bb1_2&Prime; _builder_version=\u00a0\u00bb4.16&Prime; background_color_gradient_start=\u00a0\u00bb#3550a0&Prime; background_color_gradient_start_position=\u00a0\u00bb25%\u00a0\u00bb background_color_gradient_end=\u00a0\u00bbrgba(240,242,246,0)\u00a0\u00bb background_color_gradient_end_position=\u00a0\u00bb25%\u00a0\u00bb custom_padding=\u00a0\u00bb|||\u00a0\u00bb custom_padding_tablet=\u00a0\u00bb|0px||0px|false|true\u00a0\u00bb global_colors_info=\u00a0\u00bb{}\u00a0\u00bb padding_tablet=\u00a0\u00bb|0px||0px|false|true\u00a0\u00bb custom_padding__hover=\u00a0\u00bb|||\u00a0\u00bb][et_pb_image src=\u00a0\u00bbhttps:\/\/avocatconnect.fr\/wp-content\/uploads\/2024\/01\/Design-sans-titre-69.png\u00a0\u00bb title_text=\u00a0\u00bbDesign sans titre (69)\u00a0\u00bb align_tablet=\u00a0\u00bbcenter\u00a0\u00bb align_phone=\u00a0\u00bbcenter\u00a0\u00bb align_last_edited=\u00a0\u00bbon|desktop\u00a0\u00bb _builder_version=\u00a0\u00bb4.23.4&Prime; use_background_color_gradient=\u00a0\u00bbon\u00a0\u00bb background_color_gradient_stops=\u00a0\u00bb#3550a0 25%|rgba(240,242,246,0) 25%\u00a0\u00bb background_color_gradient_start=\u00a0\u00bb#3550a0&Prime; background_color_gradient_start_position=\u00a0\u00bb25%\u00a0\u00bb background_color_gradient_end=\u00a0\u00bbrgba(240,242,246,0)\u00a0\u00bb background_color_gradient_end_position=\u00a0\u00bb25%\u00a0\u00bb max_width_last_edited=\u00a0\u00bboff|desktop\u00a0\u00bb custom_padding=\u00a0\u00bb|||60px\u00a0\u00bb animation_style=\u00a0\u00bbslide\u00a0\u00bb animation_direction=\u00a0\u00bbtop\u00a0\u00bb animation_intensity_slide=\u00a0\u00bb1%\u00a0\u00bb box_shadow_style=\u00a0\u00bbpreset4&Prime; box_shadow_horizontal=\u00a0\u00bb120px\u00a0\u00bb box_shadow_vertical=\u00a0\u00bb120px\u00a0\u00bb box_shadow_spread=\u00a0\u00bb-60px\u00a0\u00bb box_shadow_color=\u00a0\u00bb#f0f2f6&Prime; global_colors_info=\u00a0\u00bb{}\u00a0\u00bb][\/et_pb_image][\/et_pb_column][\/et_pb_row][\/et_pb_section][et_pb_section fb_built=\u00a0\u00bb1&Prime; admin_label=\u00a0\u00bbAbout\u00a0\u00bb _builder_version=\u00a0\u00bb4.16&Prime; custom_padding=\u00a0\u00bb90px|0px|54px|0px|false|false\u00a0\u00bb global_colors_info=\u00a0\u00bb{}\u00a0\u00bb][et_pb_row _builder_version=\u00a0\u00bb4.16&Prime; global_colors_info=\u00a0\u00bb{}\u00a0\u00bb][et_pb_column type=\u00a0\u00bb4_4&Prime; _builder_version=\u00a0\u00bb4.16&Prime; custom_padding=\u00a0\u00bb|||\u00a0\u00bb global_colors_info=\u00a0\u00bb{}\u00a0\u00bb custom_padding__hover=\u00a0\u00bb|||\u00a0\u00bb][et_pb_text _builder_version=\u00a0\u00bb4.23.4&Prime; text_font=\u00a0\u00bbPlayfair Display|700|on||||||\u00a0\u00bb text_text_color=\u00a0\u00bb#3550a0&Prime; text_font_size=\u00a0\u00bb50px\u00a0\u00bb text_line_height=\u00a0\u00bb1.5em\u00a0\u00bb text_orientation=\u00a0\u00bbcenter\u00a0\u00bb max_width=\u00a0\u00bb820px\u00a0\u00bb module_alignment=\u00a0\u00bbcenter\u00a0\u00bb text_font_size_tablet=\u00a0\u00bb30px\u00a0\u00bb text_font_size_phone=\u00a0\u00bb24px\u00a0\u00bb text_font_size_last_edited=\u00a0\u00bbon|desktop\u00a0\u00bb global_colors_info=\u00a0\u00bb{}\u00a0\u00bb]\u00a0\u00bbAu c\u0153ur de vos enjeux juridiques, pour des solutions expertes et une gestion administrative sans faille\u00a0\u00bb[\/et_pb_text][et_pb_text _builder_version=\u00a0\u00bb4.23.4&Prime; text_font=\u00a0\u00bbRufina||||||||\u00a0\u00bb text_font_size=\u00a0\u00bb16px\u00a0\u00bb text_line_height=\u00a0\u00bb1.9em\u00a0\u00bb header_font=\u00a0\u00bb||||||||\u00a0\u00bb header_2_font=\u00a0\u00bbPlayfair Display|700|||||||\u00a0\u00bb header_2_font_size=\u00a0\u00bb40px\u00a0\u00bb header_2_line_height=\u00a0\u00bb1.5em\u00a0\u00bb header_6_font=\u00a0\u00bb||||||||\u00a0\u00bb text_orientation=\u00a0\u00bbcenter\u00a0\u00bb max_width=\u00a0\u00bb600px\u00a0\u00bb max_width_last_edited=\u00a0\u00bboff|desktop\u00a0\u00bb module_alignment=\u00a0\u00bbcenter\u00a0\u00bb custom_margin=\u00a0\u00bb|||\u00a0\u00bb custom_padding=\u00a0\u00bb|||\u00a0\u00bb header_2_font_size_tablet=\u00a0\u00bb30px\u00a0\u00bb header_2_font_size_phone=\u00a0\u00bb24px\u00a0\u00bb header_2_font_size_last_edited=\u00a0\u00bbon|phone\u00a0\u00bb global_colors_info=\u00a0\u00bb{}\u00a0\u00bb]<p><span>En tant que particulier, Avocat Connect met \u00e0 votre disposition des valeurs fondamentales qui guident notre approche : l&rsquo;excellence, l&rsquo;int\u00e9grit\u00e9 et la personnalisation des services. Nous comprenons que chaque situation est unique, c&rsquo;est pourquoi nous nous engageons \u00e0 fournir une assistance juridique de haute qualit\u00e9, adapt\u00e9e sp\u00e9cifiquement \u00e0 vos besoins. Que vous ayez des questions sur vos droits individuels, des pr\u00e9occupations familiales ou des besoins contractuels, notre \u00e9quipe d\u00e9vou\u00e9e est l\u00e0 pour vous offrir un soutien personnalis\u00e9 et \u00e9clair\u00e9. Faites confiance \u00e0 Avocat Connect pour une assistance juridique centr\u00e9e sur vous, bas\u00e9e sur des valeurs solides<\/span><\/p>[\/et_pb_text][\/et_pb_column][\/et_pb_row][\/et_pb_section][et_pb_section fb_built=\u00a0\u00bb1&Prime; admin_label=\u00a0\u00bbQualifications\u00a0\u00bb _builder_version=\u00a0\u00bb4.16&Prime; custom_padding=\u00a0\u00bb0|0px||0px|false|false\u00a0\u00bb global_colors_info=\u00a0\u00bb{}\u00a0\u00bb][et_pb_row column_structure=\u00a0\u00bb1_2,1_2&Prime; use_custom_gutter=\u00a0\u00bbon\u00a0\u00bb padding_top_bottom_link_2=\u00a0\u00bbtrue\u00a0\u00bb padding_left_right_link_2=\u00a0\u00bbfalse\u00a0\u00bb _builder_version=\u00a0\u00bb4.16&Prime; max_width=\u00a0\u00bb80%\u00a0\u00bb module_alignment=\u00a0\u00bbleft\u00a0\u00bb custom_padding=\u00a0\u00bb0|0px|0|0px|false|false\u00a0\u00bb use_custom_width=\u00a0\u00bbon\u00a0\u00bb width_unit=\u00a0\u00bboff\u00a0\u00bb global_colors_info=\u00a0\u00bb{}\u00a0\u00bb][et_pb_column type=\u00a0\u00bb1_2&Prime; _builder_version=\u00a0\u00bb4.16&Prime; background_color_gradient_direction=\u00a0\u00bb90deg\u00a0\u00bb background_color_gradient_start=\u00a0\u00bb#f0f2f6&Prime; background_color_gradient_start_position=\u00a0\u00bb30%\u00a0\u00bb background_color_gradient_end=\u00a0\u00bbrgba(240,242,246,0)\u00a0\u00bb background_color_gradient_end_position=\u00a0\u00bb30%\u00a0\u00bb custom_padding=\u00a0\u00bb|||\u00a0\u00bb global_colors_info=\u00a0\u00bb{}\u00a0\u00bb custom_padding__hover=\u00a0\u00bb|||\u00a0\u00bb][et_pb_image src=\u00a0\u00bbhttps:\/\/avocatconnect.fr\/wp-content\/uploads\/2023\/10\/business-coach-0027.jpg\u00a0\u00bb force_fullwidth=\u00a0\u00bbon\u00a0\u00bb align_tablet=\u00a0\u00bbcenter\u00a0\u00bb align_phone=\u00a0\u00bbcenter\u00a0\u00bb align_last_edited=\u00a0\u00bbon|desktop\u00a0\u00bb _builder_version=\u00a0\u00bb4.16&Prime; use_background_color_gradient=\u00a0\u00bbon\u00a0\u00bb background_color_gradient_direction=\u00a0\u00bb90deg\u00a0\u00bb background_color_gradient_stops=\u00a0\u00bb#f0f2f6 30%|rgba(240,242,246,0) 30%\u00a0\u00bb background_color_gradient_start=\u00a0\u00bb#f0f2f6&Prime; background_color_gradient_start_position=\u00a0\u00bb30%\u00a0\u00bb background_color_gradient_end=\u00a0\u00bbrgba(240,242,246,0)\u00a0\u00bb background_color_gradient_end_position=\u00a0\u00bb30%\u00a0\u00bb custom_padding=\u00a0\u00bb60px||60px||true\u00a0\u00bb animation_style=\u00a0\u00bbslide\u00a0\u00bb animation_direction=\u00a0\u00bbleft\u00a0\u00bb animation_intensity_slide=\u00a0\u00bb1%\u00a0\u00bb box_shadow_style=\u00a0\u00bbpreset3&Prime; box_shadow_vertical=\u00a0\u00bb80px\u00a0\u00bb box_shadow_blur=\u00a0\u00bb80px\u00a0\u00bb box_shadow_spread=\u00a0\u00bb-30px\u00a0\u00bb global_colors_info=\u00a0\u00bb{}\u00a0\u00bb][\/et_pb_image][\/et_pb_column][et_pb_column type=\u00a0\u00bb1_2&Prime; _builder_version=\u00a0\u00bb4.16&Prime; background_color_gradient_direction=\u00a0\u00bb90deg\u00a0\u00bb background_color_gradient_start=\u00a0\u00bb#dddddd\u00a0\u00bb background_color_gradient_end=\u00a0\u00bbrgba(221,221,221,0)\u00a0\u00bb background_color_gradient_end_position=\u00a0\u00bb5%\u00a0\u00bb custom_padding=\u00a0\u00bb6vw||6vw|\u00a0\u00bb custom_padding_tablet=\u00a0\u00bb|10%||10%|false|true\u00a0\u00bb custom_padding_phone=\u00a0\u00bb||||false|false\u00a0\u00bb custom_padding_last_edited=\u00a0\u00bbon|desktop\u00a0\u00bb global_colors_info=\u00a0\u00bb{}\u00a0\u00bb padding_phone=\u00a0\u00bb||||false|false\u00a0\u00bb padding_tablet=\u00a0\u00bb|10%||10%|false|true\u00a0\u00bb padding_last_edited=\u00a0\u00bbon|desktop\u00a0\u00bb custom_padding__hover=\u00a0\u00bb|||\u00a0\u00bb][et_pb_text _builder_version=\u00a0\u00bb4.23.4&Prime; text_font=\u00a0\u00bb||||||||\u00a0\u00bb text_font_size=\u00a0\u00bb16px\u00a0\u00bb text_line_height=\u00a0\u00bb1.9em\u00a0\u00bb header_font=\u00a0\u00bb||||||||\u00a0\u00bb header_2_font=\u00a0\u00bbPlayfair Display|700|||||||\u00a0\u00bb header_2_font_size=\u00a0\u00bb40px\u00a0\u00bb header_2_line_height=\u00a0\u00bb1.5em\u00a0\u00bb header_6_font=\u00a0\u00bb||||||||\u00a0\u00bb max_width=\u00a0\u00bb600px\u00a0\u00bb max_width_last_edited=\u00a0\u00bboff|desktop\u00a0\u00bb custom_margin=\u00a0\u00bb|||\u00a0\u00bb custom_padding=\u00a0\u00bb|||\u00a0\u00bb header_2_font_size_tablet=\u00a0\u00bb30px\u00a0\u00bb header_2_font_size_phone=\u00a0\u00bb24px\u00a0\u00bb header_2_font_size_last_edited=\u00a0\u00bbon|phone\u00a0\u00bb locked=\u00a0\u00bboff\u00a0\u00bb global_colors_info=\u00a0\u00bb{}\u00a0\u00bb]<h2><span>Pourquoi nous contacter <\/span>?<\/h2>\n<p><span>Contacter Avocat Connect va au-del\u00e0 d&rsquo;une simple d\u00e9marche. Notre engagement envers l&rsquo;excellence, l&rsquo;int\u00e9grit\u00e9 et la personnalisation des services cr\u00e9e une approche distinctive pour r\u00e9pondre \u00e0 vos besoins juridiques particuliers. Que vous recherchiez une assistance pour des questions familiales, la protection de vos droits individuels ou des besoins sp\u00e9cifiques en contrats, nous sommes l\u00e0 pour fournir une assistance juridique sp\u00e9cialis\u00e9e. Choisissez Avocat Connect pour b\u00e9n\u00e9ficier d&rsquo;un accompagnement d\u00e9di\u00e9 et de solutions adapt\u00e9es \u00e0 vos d\u00e9fis juridiques uniques.<\/span><\/p>[\/et_pb_text][et_pb_button button_url=\u00a0\u00bbhttps:\/\/avocatconnect.fr\/index.php\/contact\/\u00a0\u00bb button_text=\u00a0\u00bbContactez nous\u00a0\u00bb _builder_version=\u00a0\u00bb4.23.4&Prime; custom_button=\u00a0\u00bbon\u00a0\u00bb button_text_size=\u00a0\u00bb16px\u00a0\u00bb button_text_color=\u00a0\u00bb#ffffff\u00a0\u00bb button_bg_color=\u00a0\u00bb#bc1823&Prime; button_border_width=\u00a0\u00bb10px\u00a0\u00bb button_border_color=\u00a0\u00bbrgba(210,159,104,0)\u00a0\u00bb button_border_radius=\u00a0\u00bb100px\u00a0\u00bb button_font=\u00a0\u00bbLato|900|||||||\u00a0\u00bb button_use_icon=\u00a0\u00bboff\u00a0\u00bb button_bg_color_hover=\u00a0\u00bb#4159a0&Prime; locked=\u00a0\u00bboff\u00a0\u00bb global_colors_info=\u00a0\u00bb{}\u00a0\u00bb button_text_size__hover_enabled=\u00a0\u00bboff\u00a0\u00bb button_one_text_size__hover_enabled=\u00a0\u00bboff\u00a0\u00bb button_two_text_size__hover_enabled=\u00a0\u00bboff\u00a0\u00bb button_text_color__hover_enabled=\u00a0\u00bboff\u00a0\u00bb button_one_text_color__hover_enabled=\u00a0\u00bboff\u00a0\u00bb button_two_text_color__hover_enabled=\u00a0\u00bboff\u00a0\u00bb button_border_width__hover_enabled=\u00a0\u00bboff\u00a0\u00bb button_one_border_width__hover_enabled=\u00a0\u00bboff\u00a0\u00bb button_two_border_width__hover_enabled=\u00a0\u00bboff\u00a0\u00bb button_border_color__hover_enabled=\u00a0\u00bboff\u00a0\u00bb button_one_border_color__hover_enabled=\u00a0\u00bboff\u00a0\u00bb button_two_border_color__hover_enabled=\u00a0\u00bboff\u00a0\u00bb button_border_radius__hover_enabled=\u00a0\u00bboff\u00a0\u00bb button_one_border_radius__hover_enabled=\u00a0\u00bboff\u00a0\u00bb button_two_border_radius__hover_enabled=\u00a0\u00bboff\u00a0\u00bb button_letter_spacing__hover_enabled=\u00a0\u00bboff\u00a0\u00bb button_one_letter_spacing__hover_enabled=\u00a0\u00bboff\u00a0\u00bb button_two_letter_spacing__hover_enabled=\u00a0\u00bboff\u00a0\u00bb button_bg_color__hover_enabled=\u00a0\u00bbon|hover\u00a0\u00bb button_bg_color__hover=\u00a0\u00bb#00007f\u00a0\u00bb button_one_bg_color__hover_enabled=\u00a0\u00bboff\u00a0\u00bb button_two_bg_color__hover_enabled=\u00a0\u00bboff\u00a0\u00bb button_bg_enable_color__hover=\u00a0\u00bbon\u00a0\u00bb]<h1>About Anthony<\/h1>\n<h3>Business CoacH<\/h3>\n<p>Lorem ipsum dolor sit amet, consectetur adipiscing elit, sed do eiusmod tempor incididunt ut labore et dolore magna aliqua. Ut enim ad minim veniam. Lorem ipsum dolor sit amet, cons<\/p>[\/et_pb_button][\/et_pb_column][\/et_pb_row][et_pb_row custom_padding_last_edited=\u00a0\u00bbon|tablet\u00a0\u00bb _builder_version=\u00a0\u00bb4.16&Prime; custom_padding=\u00a0\u00bb|||12%\u00a0\u00bb custom_padding_tablet=\u00a0\u00bb|||0%\u00a0\u00bb custom_padding_phone=\u00a0\u00bb\u00a0\u00bb locked=\u00a0\u00bboff\u00a0\u00bb global_colors_info=\u00a0\u00bb{}\u00a0\u00bb][et_pb_column type=\u00a0\u00bb4_4&Prime; _builder_version=\u00a0\u00bb4.16&Prime; custom_padding=\u00a0\u00bb|||\u00a0\u00bb global_colors_info=\u00a0\u00bb{}\u00a0\u00bb custom_padding__hover=\u00a0\u00bb|||\u00a0\u00bb][et_pb_text _builder_version=\u00a0\u00bb4.23.4&Prime; text_font=\u00a0\u00bbRufina||||||||\u00a0\u00bb text_font_size=\u00a0\u00bb16px\u00a0\u00bb text_line_height=\u00a0\u00bb1.9em\u00a0\u00bb header_font=\u00a0\u00bb||||||||\u00a0\u00bb header_3_font=\u00a0\u00bbLato|700||on|||||\u00a0\u00bb header_3_font_size=\u00a0\u00bb24px\u00a0\u00bb header_3_line_height=\u00a0\u00bb1.7em\u00a0\u00bb header_6_font=\u00a0\u00bb||||||||\u00a0\u00bb max_width=\u00a0\u00bb600px\u00a0\u00bb max_width_last_edited=\u00a0\u00bboff|desktop\u00a0\u00bb custom_margin=\u00a0\u00bb||-12px|||\u00a0\u00bb custom_padding=\u00a0\u00bb0px|||||\u00a0\u00bb header_3_font_size_tablet=\u00a0\u00bb\u00a0\u00bb header_3_font_size_phone=\u00a0\u00bb20px\u00a0\u00bb header_3_font_size_last_edited=\u00a0\u00bbon|desktop\u00a0\u00bb locked=\u00a0\u00bboff\u00a0\u00bb global_colors_info=\u00a0\u00bb{}\u00a0\u00bb]<h2><span>Nos domaines d&rsquo;expertise<\/span><\/h2>\n<p><span>Nos domaines d&rsquo;expertise englobent le droit familial, la protection des droits individuels, les contrats, et bien d&rsquo;autres aspects juridiques essentiels \u00e0 votre vie quotidienne. Nous vous offrons une assistance personnalis\u00e9e et \u00e9clair\u00e9e pour faire face \u00e0 divers d\u00e9fis juridiques. Faites confiance \u00e0 Avocat Connect pour une expertise globale qui r\u00e9pond \u00e0 vos besoins sp\u00e9cifiques, avec des valeurs ancr\u00e9es dans l&rsquo;excellence, l&rsquo;int\u00e9grit\u00e9 et la personnalisation des services<\/span><\/p>[\/et_pb_text][\/et_pb_column][\/et_pb_row][et_pb_row column_structure=\u00a0\u00bb1_3,1_3,1_3&Prime; custom_padding_last_edited=\u00a0\u00bbon|tablet\u00a0\u00bb _builder_version=\u00a0\u00bb4.16&Prime; custom_padding=\u00a0\u00bb|||12%\u00a0\u00bb custom_padding_tablet=\u00a0\u00bb|||0%\u00a0\u00bb custom_padding_phone=\u00a0\u00bb\u00a0\u00bb locked=\u00a0\u00bboff\u00a0\u00bb global_colors_info=\u00a0\u00bb{}\u00a0\u00bb][et_pb_column type=\u00a0\u00bb1_3&Prime; _builder_version=\u00a0\u00bb4.16&Prime; custom_padding=\u00a0\u00bb|||\u00a0\u00bb global_colors_info=\u00a0\u00bb{}\u00a0\u00bb custom_padding__hover=\u00a0\u00bb|||\u00a0\u00bb][et_pb_text _builder_version=\u00a0\u00bb4.23.4&Prime; text_font=\u00a0\u00bbRufina||||||||\u00a0\u00bb text_font_size=\u00a0\u00bb16px\u00a0\u00bb text_line_height=\u00a0\u00bb1.9em\u00a0\u00bb ul_font=\u00a0\u00bb||||||||\u00a0\u00bb ul_line_height=\u00a0\u00bb1.9em\u00a0\u00bb header_font=\u00a0\u00bb||||||||\u00a0\u00bb header_4_font=\u00a0\u00bbLato|700|||||||\u00a0\u00bb header_4_text_color=\u00a0\u00bb#3550a0&Prime; header_4_font_size=\u00a0\u00bb16px\u00a0\u00bb header_4_line_height=\u00a0\u00bb1.5em\u00a0\u00bb max_width=\u00a0\u00bb400px\u00a0\u00bb custom_margin=\u00a0\u00bb|||\u00a0\u00bb locked=\u00a0\u00bboff\u00a0\u00bb global_colors_info=\u00a0\u00bb{}\u00a0\u00bb]<h4>Droit des Affaires et Commercial<\/h4>\n<ul>\n<li><span style=\"color: #000000;\"><a href=\"https:\/\/avocatconnect.fr\/index.php\/droit-commercial\/\" style=\"color: #000000;\"><strong>Droit Commercial<\/strong><\/a><\/span><\/li>\n<li><span style=\"color: #000000;\"><a href=\"https:\/\/avocatconnect.fr\/index.php\/droit-des-contrats\/\" style=\"color: #000000;\"><strong>Droit des contrats<\/strong><\/a><\/span><\/li>\n<li><span style=\"color: #000000;\"><a href=\"https:\/\/avocatconnect.fr\/index.php\/droit-penal-des-affaires\/\" style=\"color: #000000;\"><strong>Droit P\u00e9nal des Affaires<\/strong><\/a> <\/span><\/li>\n<li><span style=\"color: #000000;\"><a href=\"https:\/\/avocatconnect.fr\/index.php\/droit-du-travail\/\" style=\"color: #000000;\"><strong>Droit du travail<\/strong><\/a><\/span><span> <\/span><\/li>\n<\/ul>[\/et_pb_text][\/et_pb_column][et_pb_column type=\u00a0\u00bb1_3&Prime; _builder_version=\u00a0\u00bb4.16&Prime; custom_padding=\u00a0\u00bb|||\u00a0\u00bb global_colors_info=\u00a0\u00bb{}\u00a0\u00bb custom_padding__hover=\u00a0\u00bb|||\u00a0\u00bb][et_pb_text _builder_version=\u00a0\u00bb4.23.4&Prime; text_font=\u00a0\u00bbRufina||||||||\u00a0\u00bb text_font_size=\u00a0\u00bb16px\u00a0\u00bb text_line_height=\u00a0\u00bb1.9em\u00a0\u00bb ul_font=\u00a0\u00bb||||||||\u00a0\u00bb ul_line_height=\u00a0\u00bb1.9em\u00a0\u00bb header_font=\u00a0\u00bb||||||||\u00a0\u00bb header_4_font=\u00a0\u00bbLato|700|||||||\u00a0\u00bb header_4_text_color=\u00a0\u00bb#3550a0&Prime; header_4_font_size=\u00a0\u00bb16px\u00a0\u00bb header_4_line_height=\u00a0\u00bb1.5em\u00a0\u00bb max_width=\u00a0\u00bb400px\u00a0\u00bb custom_margin=\u00a0\u00bb|||\u00a0\u00bb locked=\u00a0\u00bboff\u00a0\u00bb global_colors_info=\u00a0\u00bb{}\u00a0\u00bb]<h4>Droit Civil et Familial<\/h4>\n<ul>\n<li><span style=\"color: #000000;\"><a href=\"https:\/\/avocatconnect.fr\/index.php\/droit-de-la-famille\/\" style=\"color: #000000;\"><strong>Droit de la Famille<\/strong><\/a><\/span><\/li>\n<li><span style=\"color: #000000;\"><a href=\"https:\/\/avocatconnect.fr\/index.php\/droit-immobilier\/\" style=\"color: #000000;\"><strong>Droit de la famille<\/strong><\/a><\/span><span> <\/span><\/li>\n<\/ul>[\/et_pb_text][\/et_pb_column][et_pb_column type=\u00a0\u00bb1_3&Prime; _builder_version=\u00a0\u00bb4.16&Prime; custom_padding=\u00a0\u00bb|||\u00a0\u00bb global_colors_info=\u00a0\u00bb{}\u00a0\u00bb custom_padding__hover=\u00a0\u00bb|||\u00a0\u00bb][et_pb_text _builder_version=\u00a0\u00bb4.23.4&Prime; text_font=\u00a0\u00bbRufina||||||||\u00a0\u00bb text_font_size=\u00a0\u00bb16px\u00a0\u00bb text_line_height=\u00a0\u00bb1.9em\u00a0\u00bb ul_font=\u00a0\u00bb||||||||\u00a0\u00bb ul_line_height=\u00a0\u00bb1.9em\u00a0\u00bb header_font=\u00a0\u00bb||||||||\u00a0\u00bb header_4_font=\u00a0\u00bbLato|700|||||||\u00a0\u00bb header_4_text_color=\u00a0\u00bb#3550a0&Prime; header_4_font_size=\u00a0\u00bb16px\u00a0\u00bb header_4_line_height=\u00a0\u00bb1.5em\u00a0\u00bb max_width=\u00a0\u00bb400px\u00a0\u00bb custom_margin=\u00a0\u00bb|||\u00a0\u00bb locked=\u00a0\u00bboff\u00a0\u00bb global_colors_info=\u00a0\u00bb{}\u00a0\u00bb]<h4>Droit Routier et des \u00c9trangers<\/h4>\n<ul>\n<li><span style=\"color: #000000;\"><a href=\"https:\/\/avocatconnect.fr\/index.php\/droit-routier\/\" style=\"color: #000000;\"><strong>Droit Routier<\/strong><\/a> <\/span><\/li>\n<li><span style=\"color: #000000;\"><a href=\"https:\/\/avocatconnect.fr\/index.php\/droit-des-etrangers\/\" style=\"color: #000000;\"><strong>Droit des \u00e9trangers<\/strong><\/a><\/span><\/li>\n<\/ul>[\/et_pb_text][\/et_pb_column][\/et_pb_row][\/et_pb_section]\n","protected":false},"excerpt":{"rendered":"<p>JE SUIS UN PARTICULIERParticulier \u00e0 la recherche de renseignements juridiques ? Chez Avocat Connect, nous comprenons l&rsquo;importance de vos pr\u00e9occupations. Pour des questions sur vos droits individuels, des probl\u00e8mes familiaux ou des besoins contractuels, contactez-nous pour une assistance juridique personnalis\u00e9e et \u00e9clair\u00e9e\u00a0\u00bbAu c\u0153ur de vos enjeux juridiques, pour des solutions expertes et une gestion administrative [&hellip;]<\/p>\n","protected":false},"author":1,"featured_media":0,"parent":0,"menu_order":0,"comment_status":"closed","ping_status":"closed","template":"","meta":{"_et_pb_use_builder":"on","_et_pb_old_content":"","_et_gb_content_width":"","content-type":"","footnotes":""},"class_list":["post-2817","page","type-page","status-publish","hentry"],"yoast_head":"<!-- This site is optimized with the Yoast SEO plugin v27.5 - https:\/\/yoast.com\/product\/yoast-seo-wordpress\/ -->\n<title>Avocat Connect - Assistance Juridique pour Particuliers en France<\/title>\n<meta name=\"description\" content=\"Chez AvocatConnect, b\u00e9n\u00e9ficiez d&#039;une Assistance Personnalis\u00e9e pour vos Droits individuels, probl\u00e8mes Familiaux ou besoins contractuels\" \/>\n<meta name=\"robots\" content=\"index, follow, max-snippet:-1, max-image-preview:large, max-video-preview:-1\" \/>\n<link rel=\"canonical\" href=\"https:\/\/avocatconnect.fr\/index.php\/je-suis-un-particulier\/\" \/>\n<meta property=\"og:locale\" content=\"fr_FR\" \/>\n<meta property=\"og:type\" content=\"article\" \/>\n<meta property=\"og:title\" content=\"Avocat Connect - Assistance Juridique pour Particuliers en France\" \/>\n<meta property=\"og:description\" content=\"Chez AvocatConnect, b\u00e9n\u00e9ficiez d&#039;une Assistance Personnalis\u00e9e pour vos Droits individuels, probl\u00e8mes Familiaux ou besoins contractuels\" \/>\n<meta property=\"og:url\" content=\"https:\/\/avocatconnect.fr\/index.php\/je-suis-un-particulier\/\" \/>\n<meta property=\"og:site_name\" content=\"Avocatconnect\" \/>\n<meta property=\"article:publisher\" content=\"https:\/\/www.facebook.com\/profile.php?id=61552564803451&amp;mibextid=ZbWKwL\" \/>\n<meta property=\"article:modified_time\" content=\"2024-02-12T18:18:37+00:00\" \/>\n<meta property=\"og:image\" content=\"https:\/\/avocatconnect.fr\/wp-content\/uploads\/2024\/01\/Design-sans-titre-2024-01-12T152535.338.png\" \/>\n\t<meta property=\"og:image:width\" content=\"400\" \/>\n\t<meta property=\"og:image:height\" content=\"400\" \/>\n\t<meta property=\"og:image:type\" content=\"image\/png\" \/>\n<meta name=\"twitter:card\" content=\"summary_large_image\" \/>\n<meta name=\"twitter:site\" content=\"@AvocatConnect\" \/>\n<meta name=\"twitter:label1\" content=\"Dur\u00e9e de lecture estim\u00e9e\" \/>\n\t<meta name=\"twitter:data1\" content=\"3 minutes\" \/>\n<script type=\"application\/ld+json\" class=\"yoast-schema-graph\">{\"@context\":\"https:\\\/\\\/schema.org\",\"@graph\":[{\"@type\":\"WebPage\",\"@id\":\"https:\\\/\\\/avocatconnect.fr\\\/index.php\\\/je-suis-un-particulier\\\/\",\"url\":\"https:\\\/\\\/avocatconnect.fr\\\/index.php\\\/je-suis-un-particulier\\\/\",\"name\":\"Avocat Connect - Assistance Juridique pour Particuliers en France\",\"isPartOf\":{\"@id\":\"https:\\\/\\\/avocatconnect.fr\\\/#website\"},\"datePublished\":\"2024-01-18T16:00:30+00:00\",\"dateModified\":\"2024-02-12T18:18:37+00:00\",\"description\":\"Chez AvocatConnect, b\u00e9n\u00e9ficiez d'une Assistance Personnalis\u00e9e pour vos Droits individuels, probl\u00e8mes Familiaux ou besoins contractuels\",\"breadcrumb\":{\"@id\":\"https:\\\/\\\/avocatconnect.fr\\\/index.php\\\/je-suis-un-particulier\\\/#breadcrumb\"},\"inLanguage\":\"fr-FR\",\"potentialAction\":[{\"@type\":\"ReadAction\",\"target\":[\"https:\\\/\\\/avocatconnect.fr\\\/index.php\\\/je-suis-un-particulier\\\/\"]}]},{\"@type\":\"BreadcrumbList\",\"@id\":\"https:\\\/\\\/avocatconnect.fr\\\/index.php\\\/je-suis-un-particulier\\\/#breadcrumb\",\"itemListElement\":[{\"@type\":\"ListItem\",\"position\":1,\"name\":\"Accueil\",\"item\":\"https:\\\/\\\/avocatconnect.fr\\\/\"},{\"@type\":\"ListItem\",\"position\":2,\"name\":\"JE SUIS UN PARTICULIER\"}]},{\"@type\":\"WebSite\",\"@id\":\"https:\\\/\\\/avocatconnect.fr\\\/#website\",\"url\":\"https:\\\/\\\/avocatconnect.fr\\\/\",\"name\":\"Avocatconnect\",\"description\":\"Trouvez l\u2018expertise juridique dont vous avez besoin\",\"publisher\":{\"@id\":\"https:\\\/\\\/avocatconnect.fr\\\/#organization\"},\"potentialAction\":[{\"@type\":\"SearchAction\",\"target\":{\"@type\":\"EntryPoint\",\"urlTemplate\":\"https:\\\/\\\/avocatconnect.fr\\\/?s={search_term_string}\"},\"query-input\":{\"@type\":\"PropertyValueSpecification\",\"valueRequired\":true,\"valueName\":\"search_term_string\"}}],\"inLanguage\":\"fr-FR\"},{\"@type\":\"Organization\",\"@id\":\"https:\\\/\\\/avocatconnect.fr\\\/#organization\",\"name\":\"Avocatconnect\",\"url\":\"https:\\\/\\\/avocatconnect.fr\\\/\",\"logo\":{\"@type\":\"ImageObject\",\"inLanguage\":\"fr-FR\",\"@id\":\"https:\\\/\\\/avocatconnect.fr\\\/#\\\/schema\\\/logo\\\/image\\\/\",\"url\":\"https:\\\/\\\/avocatconnect.fr\\\/wp-content\\\/uploads\\\/2024\\\/02\\\/logo-avocat-connect.png\",\"contentUrl\":\"https:\\\/\\\/avocatconnect.fr\\\/wp-content\\\/uploads\\\/2024\\\/02\\\/logo-avocat-connect.png\",\"width\":400,\"height\":200,\"caption\":\"Avocatconnect\"},\"image\":{\"@id\":\"https:\\\/\\\/avocatconnect.fr\\\/#\\\/schema\\\/logo\\\/image\\\/\"},\"sameAs\":[\"https:\\\/\\\/www.facebook.com\\\/profile.php?id=61552564803451&mibextid=ZbWKwL\",\"https:\\\/\\\/x.com\\\/AvocatConnect\",\"https:\\\/\\\/www.tiktok.com\\\/@avocatconnect?_t=8iyMeHc2sX0&_r=1\",\"https:\\\/\\\/www.linkedin.com\\\/company\\\/avocat-connect\\\/?viewAsMember=true\"]}]}<\/script>\n<!-- \/ Yoast SEO plugin. -->","yoast_head_json":{"title":"Avocat Connect - Assistance Juridique pour Particuliers en France","description":"Chez AvocatConnect, b\u00e9n\u00e9ficiez d'une Assistance Personnalis\u00e9e pour vos Droits individuels, probl\u00e8mes Familiaux ou besoins contractuels","robots":{"index":"index","follow":"follow","max-snippet":"max-snippet:-1","max-image-preview":"max-image-preview:large","max-video-preview":"max-video-preview:-1"},"canonical":"https:\/\/avocatconnect.fr\/index.php\/je-suis-un-particulier\/","og_locale":"fr_FR","og_type":"article","og_title":"Avocat Connect - Assistance Juridique pour Particuliers en France","og_description":"Chez AvocatConnect, b\u00e9n\u00e9ficiez d'une Assistance Personnalis\u00e9e pour vos Droits individuels, probl\u00e8mes Familiaux ou besoins contractuels","og_url":"https:\/\/avocatconnect.fr\/index.php\/je-suis-un-particulier\/","og_site_name":"Avocatconnect","article_publisher":"https:\/\/www.facebook.com\/profile.php?id=61552564803451&mibextid=ZbWKwL","article_modified_time":"2024-02-12T18:18:37+00:00","og_image":[{"width":400,"height":400,"url":"https:\/\/avocatconnect.fr\/wp-content\/uploads\/2024\/01\/Design-sans-titre-2024-01-12T152535.338.png","type":"image\/png"}],"twitter_card":"summary_large_image","twitter_site":"@AvocatConnect","twitter_misc":{"Dur\u00e9e de lecture estim\u00e9e":"3 minutes"},"schema":{"@context":"https:\/\/schema.org","@graph":[{"@type":"WebPage","@id":"https:\/\/avocatconnect.fr\/index.php\/je-suis-un-particulier\/","url":"https:\/\/avocatconnect.fr\/index.php\/je-suis-un-particulier\/","name":"Avocat Connect - Assistance Juridique pour Particuliers en France","isPartOf":{"@id":"https:\/\/avocatconnect.fr\/#website"},"datePublished":"2024-01-18T16:00:30+00:00","dateModified":"2024-02-12T18:18:37+00:00","description":"Chez AvocatConnect, b\u00e9n\u00e9ficiez d'une Assistance Personnalis\u00e9e pour vos Droits individuels, probl\u00e8mes Familiaux ou besoins contractuels","breadcrumb":{"@id":"https:\/\/avocatconnect.fr\/index.php\/je-suis-un-particulier\/#breadcrumb"},"inLanguage":"fr-FR","potentialAction":[{"@type":"ReadAction","target":["https:\/\/avocatconnect.fr\/index.php\/je-suis-un-particulier\/"]}]},{"@type":"BreadcrumbList","@id":"https:\/\/avocatconnect.fr\/index.php\/je-suis-un-particulier\/#breadcrumb","itemListElement":[{"@type":"ListItem","position":1,"name":"Accueil","item":"https:\/\/avocatconnect.fr\/"},{"@type":"ListItem","position":2,"name":"JE SUIS UN PARTICULIER"}]},{"@type":"WebSite","@id":"https:\/\/avocatconnect.fr\/#website","url":"https:\/\/avocatconnect.fr\/","name":"Avocatconnect","description":"Trouvez l\u2018expertise juridique dont vous avez besoin","publisher":{"@id":"https:\/\/avocatconnect.fr\/#organization"},"potentialAction":[{"@type":"SearchAction","target":{"@type":"EntryPoint","urlTemplate":"https:\/\/avocatconnect.fr\/?s={search_term_string}"},"query-input":{"@type":"PropertyValueSpecification","valueRequired":true,"valueName":"search_term_string"}}],"inLanguage":"fr-FR"},{"@type":"Organization","@id":"https:\/\/avocatconnect.fr\/#organization","name":"Avocatconnect","url":"https:\/\/avocatconnect.fr\/","logo":{"@type":"ImageObject","inLanguage":"fr-FR","@id":"https:\/\/avocatconnect.fr\/#\/schema\/logo\/image\/","url":"https:\/\/avocatconnect.fr\/wp-content\/uploads\/2024\/02\/logo-avocat-connect.png","contentUrl":"https:\/\/avocatconnect.fr\/wp-content\/uploads\/2024\/02\/logo-avocat-connect.png","width":400,"height":200,"caption":"Avocatconnect"},"image":{"@id":"https:\/\/avocatconnect.fr\/#\/schema\/logo\/image\/"},"sameAs":["https:\/\/www.facebook.com\/profile.php?id=61552564803451&mibextid=ZbWKwL","https:\/\/x.com\/AvocatConnect","https:\/\/www.tiktok.com\/@avocatconnect?_t=8iyMeHc2sX0&_r=1","https:\/\/www.linkedin.com\/company\/avocat-connect\/?viewAsMember=true"]}]}},"_links":{"self":[{"href":"https:\/\/avocatconnect.fr\/index.php\/wp-json\/wp\/v2\/pages\/2817","targetHints":{"allow":["GET"]}}],"collection":[{"href":"https:\/\/avocatconnect.fr\/index.php\/wp-json\/wp\/v2\/pages"}],"about":[{"href":"https:\/\/avocatconnect.fr\/index.php\/wp-json\/wp\/v2\/types\/page"}],"author":[{"embeddable":true,"href":"https:\/\/avocatconnect.fr\/index.php\/wp-json\/wp\/v2\/users\/1"}],"replies":[{"embeddable":true,"href":"https:\/\/avocatconnect.fr\/index.php\/wp-json\/wp\/v2\/comments?post=2817"}],"version-history":[{"count":5,"href":"https:\/\/avocatconnect.fr\/index.php\/wp-json\/wp\/v2\/pages\/2817\/revisions"}],"predecessor-version":[{"id":2877,"href":"https:\/\/avocatconnect.fr\/index.php\/wp-json\/wp\/v2\/pages\/2817\/revisions\/2877"}],"wp:attachment":[{"href":"https:\/\/avocatconnect.fr\/index.php\/wp-json\/wp\/v2\/media?parent=2817"}],"curies":[{"name":"wp","href":"https:\/\/api.w.org\/{rel}","templated":true}]}}