{"id":691,"date":"2023-12-18T13:46:36","date_gmt":"2023-12-18T12:46:36","guid":{"rendered":"https:\/\/avocatconnect.fr\/?page_id=691"},"modified":"2024-02-08T11:03:14","modified_gmt":"2024-02-08T10:03:14","slug":"droit-de-la-famille","status":"publish","type":"page","link":"https:\/\/avocatconnect.fr\/index.php\/droit-de-la-famille\/","title":{"rendered":"Droit de la famille"},"content":{"rendered":"\n[et_pb_section fb_built=\u00a0\u00bb1&Prime; fullwidth=\u00a0\u00bbon\u00a0\u00bb admin_label=\u00a0\u00bbHero\u00a0\u00bb _builder_version=\u00a0\u00bb4.23.1&Prime; background_color=\u00a0\u00bb#E02B20&Prime; use_background_color_gradient=\u00a0\u00bbon\u00a0\u00bb background_color_gradient_stops=\u00a0\u00bb#2b87da 0%|#ffffff 98%\u00a0\u00bb background_image=\u00a0\u00bbhttps:\/\/avocatconnect.fr\/wp-content\/uploads\/2024\/01\/Design-sans-titre-2024-01-10T115422.089.png\u00a0\u00bb parallax=\u00a0\u00bbon\u00a0\u00bb global_colors_info=\u00a0\u00bb{}\u00a0\u00bb][et_pb_fullwidth_header title=\u00a0\u00bbDivorce, garde, successions : solutions familiales sur mesure avec notre expertise.\u00a0\u00bb subhead=\u00a0\u00bb R\u00e9ponse rapide en 2h garantie.                                Prenez votre RDV d\u00e8s maintenant !\u00a0\u00bb button_one_url=\u00a0\u00bbhttps:\/\/avocatconnect.fr\/index.php\/titres-de-sejours\/\u00a0\u00bb button_two_url=\u00a0\u00bbhttps:\/\/avocatconnect.fr\/index.php\/nationalite-francaise-2\/\u00a0\u00bb content_max_width=\u00a0\u00bb700px\u00a0\u00bb _builder_version=\u00a0\u00bb4.23.1&Prime; title_font=\u00a0\u00bbPlayfair Display|700|||||||\u00a0\u00bb title_font_size=\u00a0\u00bb37px\u00a0\u00bb title_line_height=\u00a0\u00bb1.5em\u00a0\u00bb content_font=\u00a0\u00bb||||||||\u00a0\u00bb content_font_size=\u00a0\u00bb20px\u00a0\u00bb content_line_height=\u00a0\u00bb1.8em\u00a0\u00bb subhead_font=\u00a0\u00bbLato|700|||||||\u00a0\u00bb subhead_font_size=\u00a0\u00bb30px\u00a0\u00bb subhead_line_height=\u00a0\u00bb1.8em\u00a0\u00bb background_color=\u00a0\u00bbrgba(0,0,0,0)\u00a0\u00bb use_background_color_gradient=\u00a0\u00bbon\u00a0\u00bb background_color_gradient_direction=\u00a0\u00bb220deg\u00a0\u00bb background_color_gradient_stops=\u00a0\u00bbrgba(53,80,160,0.27) 0%|#3550a0 100%\u00a0\u00bb background_color_gradient_overlays_image=\u00a0\u00bbon\u00a0\u00bb background_color_gradient_start=\u00a0\u00bbrgba(53,80,160,0.27)\u00a0\u00bb background_color_gradient_end=\u00a0\u00bb#3550a0&Prime; custom_button_one=\u00a0\u00bbon\u00a0\u00bb button_one_text_size=\u00a0\u00bb16px\u00a0\u00bb button_one_text_color=\u00a0\u00bb#3550a0&Prime; button_one_bg_color=\u00a0\u00bb#ffffff\u00a0\u00bb button_one_border_width=\u00a0\u00bb10px\u00a0\u00bb button_one_border_color=\u00a0\u00bbrgba(210,159,104,0)\u00a0\u00bb button_one_border_radius=\u00a0\u00bb100px\u00a0\u00bb button_one_font=\u00a0\u00bbLato|900|||||||\u00a0\u00bb button_one_use_icon=\u00a0\u00bboff\u00a0\u00bb custom_button_two=\u00a0\u00bbon\u00a0\u00bb button_two_text_size=\u00a0\u00bb16px\u00a0\u00bb button_two_text_color=\u00a0\u00bb#ffffff\u00a0\u00bb button_two_bg_color=\u00a0\u00bbrgba(255,255,255,0.15)\u00a0\u00bb button_two_border_width=\u00a0\u00bb10px\u00a0\u00bb button_two_border_color=\u00a0\u00bbrgba(210,159,104,0)\u00a0\u00bb button_two_border_radius=\u00a0\u00bb100px\u00a0\u00bb button_two_font=\u00a0\u00bbLato|900|||||||\u00a0\u00bb button_two_use_icon=\u00a0\u00bboff\u00a0\u00bb custom_margin=\u00a0\u00bb|||\u00a0\u00bb custom_padding=\u00a0\u00bb10vw||10vw||false\u00a0\u00bb custom_padding_tablet=\u00a0\u00bb20vw||20vw||true\u00a0\u00bb custom_padding_phone=\u00a0\u00bb20vw||20vw||true\u00a0\u00bb custom_padding_last_edited=\u00a0\u00bbon|desktop\u00a0\u00bb title_font_tablet=\u00a0\u00bbPlayfair Display|700|||||||\u00a0\u00bb title_font_phone=\u00a0\u00bbPlayfair Display|700|||||||\u00a0\u00bb title_font_last_edited=\u00a0\u00bbon|phone\u00a0\u00bb title_font_size_tablet=\u00a0\u00bb25px\u00a0\u00bb title_font_size_phone=\u00a0\u00bb13px\u00a0\u00bb title_font_size_last_edited=\u00a0\u00bbon|tablet\u00a0\u00bb subhead_font_size_tablet=\u00a0\u00bb30px\u00a0\u00bb subhead_font_size_phone=\u00a0\u00bb21px\u00a0\u00bb subhead_font_size_last_edited=\u00a0\u00bbon|phone\u00a0\u00bb button_one_text_color_hover=\u00a0\u00bb#3550a0&Prime; button_two_text_color_hover=\u00a0\u00bb#ffffff\u00a0\u00bb button_one_bg_color_hover=\u00a0\u00bbrgba(255,255,255,0.8)\u00a0\u00bb button_two_bg_color_hover=\u00a0\u00bbrgba(255,255,255,0.3)\u00a0\u00bb global_colors_info=\u00a0\u00bb{}\u00a0\u00bb button_one_text_size__hover_enabled=\u00a0\u00bboff\u00a0\u00bb button_two_text_size__hover_enabled=\u00a0\u00bboff\u00a0\u00bb button_one_text_color__hover_enabled=\u00a0\u00bbon\u00a0\u00bb button_one_text_color__hover=\u00a0\u00bb#3550a0&Prime; button_two_text_color__hover_enabled=\u00a0\u00bbon\u00a0\u00bb button_two_text_color__hover=\u00a0\u00bb#ffffff\u00a0\u00bb button_one_border_width__hover_enabled=\u00a0\u00bboff\u00a0\u00bb button_two_border_width__hover_enabled=\u00a0\u00bboff\u00a0\u00bb button_one_border_color__hover_enabled=\u00a0\u00bboff\u00a0\u00bb button_two_border_color__hover_enabled=\u00a0\u00bboff\u00a0\u00bb button_one_border_radius__hover_enabled=\u00a0\u00bboff\u00a0\u00bb button_two_border_radius__hover_enabled=\u00a0\u00bboff\u00a0\u00bb button_one_letter_spacing__hover_enabled=\u00a0\u00bboff\u00a0\u00bb button_two_letter_spacing__hover_enabled=\u00a0\u00bboff\u00a0\u00bb button_one_bg_color__hover_enabled=\u00a0\u00bbon\u00a0\u00bb button_one_bg_color__hover=\u00a0\u00bbrgba(255,255,255,0.8)\u00a0\u00bb button_two_bg_color__hover_enabled=\u00a0\u00bbon\u00a0\u00bb button_two_bg_color__hover=\u00a0\u00bbrgba(255,255,255,0.3)\u00a0\u00bb][\/et_pb_fullwidth_header][\/et_pb_section][et_pb_section fb_built=\u00a0\u00bb1&Prime; _builder_version=\u00a0\u00bb4.23.4&Prime; _module_preset=\u00a0\u00bbdefault\u00a0\u00bb global_colors_info=\u00a0\u00bb{}\u00a0\u00bb][et_pb_row _builder_version=\u00a0\u00bb4.23.4&Prime; _module_preset=\u00a0\u00bbdefault\u00a0\u00bb global_colors_info=\u00a0\u00bb{}\u00a0\u00bb][et_pb_column type=\u00a0\u00bb4_4&Prime; _builder_version=\u00a0\u00bb4.23.4&Prime; _module_preset=\u00a0\u00bbdefault\u00a0\u00bb global_colors_info=\u00a0\u00bb{}\u00a0\u00bb][et_pb_code _builder_version=\u00a0\u00bb4.23.4&Prime; _module_preset=\u00a0\u00bbdefault\u00a0\u00bb global_colors_info=\u00a0\u00bb{}\u00a0\u00bb]<script data-b24-form=\"inline\/112\/rjfwu9\" data-skip-moving=\"true\"><!-- [et_pb_line_break_holder] -->(function(w,d,u){<!-- [et_pb_line_break_holder] -->var s=d.createElement('script');s.async=true;s.src=u+'?'+(Date.now()\/180000|0);<!-- [et_pb_line_break_holder] -->var h=d.getElementsByTagName('script')[0];h.parentNode.insertBefore(s,h);<!-- [et_pb_line_break_holder] -->})(window,document,'https:\/\/cdn.bitrix24.fr\/b27258267\/crm\/form\/loader_112.js');<!-- [et_pb_line_break_holder] --><\/script>[\/et_pb_code][\/et_pb_column][\/et_pb_row][\/et_pb_section][et_pb_section fb_built=\u00a0\u00bb1&Prime; make_equal=\u00a0\u00bbon\u00a0\u00bb use_custom_gutter=\u00a0\u00bbon\u00a0\u00bb gutter_width=\u00a0\u00bb4&Prime; specialty=\u00a0\u00bbon\u00a0\u00bb _builder_version=\u00a0\u00bb4.23.1&Prime; _module_preset=\u00a0\u00bbdefault\u00a0\u00bb width=\u00a0\u00bb100%\u00a0\u00bb max_width=\u00a0\u00bb1980%\u00a0\u00bb module_alignment=\u00a0\u00bbcenter\u00a0\u00bb inner_width=\u00a0\u00bb100%\u00a0\u00bb custom_padding=\u00a0\u00bb||2px|||\u00a0\u00bb global_colors_info=\u00a0\u00bb{}\u00a0\u00bb][et_pb_column type=\u00a0\u00bb1_2&Prime; specialty_columns=\u00a0\u00bb2&Prime; _builder_version=\u00a0\u00bb4.16&Prime; custom_padding=\u00a0\u00bb|||\u00a0\u00bb global_colors_info=\u00a0\u00bb{}\u00a0\u00bb custom_padding__hover=\u00a0\u00bb|||\u00a0\u00bb][et_pb_row_inner _builder_version=\u00a0\u00bb4.23.1&Prime; _module_preset=\u00a0\u00bbdefault\u00a0\u00bb width=\u00a0\u00bb100%\u00a0\u00bb module_alignment=\u00a0\u00bbcenter\u00a0\u00bb custom_padding=\u00a0\u00bb|20px||0px|false|false\u00a0\u00bb global_colors_info=\u00a0\u00bb{}\u00a0\u00bb][et_pb_column_inner saved_specialty_column_type=\u00a0\u00bb1_2&Prime; _builder_version=\u00a0\u00bb4.23.1&Prime; _module_preset=\u00a0\u00bbdefault\u00a0\u00bb global_colors_info=\u00a0\u00bb{}\u00a0\u00bb][et_pb_text _builder_version=\u00a0\u00bb4.23.1&Prime; _module_preset=\u00a0\u00bb76e48ffa-d380-4ddd-bc2c-531e0c186144&Prime; text_font=\u00a0\u00bbRufina|700|||||||\u00a0\u00bb text_text_color=\u00a0\u00bb#00007f\u00a0\u00bb text_font_size=\u00a0\u00bb40px\u00a0\u00bb custom_margin=\u00a0\u00bb0px|8px||8px|false|false\u00a0\u00bb custom_padding=\u00a0\u00bb0px|||0px|false|false\u00a0\u00bb text_orientation_tablet=\u00a0\u00bbcenter\u00a0\u00bb text_orientation_phone=\u00a0\u00bbcenter\u00a0\u00bb text_orientation_last_edited=\u00a0\u00bbon|desktop\u00a0\u00bb global_colors_info=\u00a0\u00bb{}\u00a0\u00bb]<p><strong>Droit de la Famille<\/strong><\/p>[\/et_pb_text][et_pb_text _builder_version=\u00a0\u00bb4.23.1&Prime; _module_preset=\u00a0\u00bbdefault\u00a0\u00bb text_font=\u00a0\u00bbRufina||||||||\u00a0\u00bb text_text_color=\u00a0\u00bb#000000&Prime; text_font_size=\u00a0\u00bb18px\u00a0\u00bb custom_margin=\u00a0\u00bb|8px|-36px|8px|false|false\u00a0\u00bb text_orientation_tablet=\u00a0\u00bbcenter\u00a0\u00bb text_orientation_phone=\u00a0\u00bbcenter\u00a0\u00bb text_orientation_last_edited=\u00a0\u00bbon|phone\u00a0\u00bb global_colors_info=\u00a0\u00bb{}\u00a0\u00bb]<p style=\"text-align: justify;\"><span>En droit de la famille, notre expertise englobe des conseils sur mesure, un accompagnement solide dans les situations de divorce, de garde d&rsquo;enfants, de successions, d&rsquo;adoption, et m\u00eame de violence conjugale. Notre \u00e9quipe d\u00e9vou\u00e9e vous soutient dans chaque \u00e9tape de votre affaire familiale, vous offrant expertise et empathie.\u00a0\u00bb<\/span><\/p>[\/et_pb_text][\/et_pb_column_inner][\/et_pb_row_inner][et_pb_row_inner _builder_version=\u00a0\u00bb4.23.1&Prime; _module_preset=\u00a0\u00bbdefault\u00a0\u00bb custom_padding=\u00a0\u00bb|||18px||\u00a0\u00bb global_colors_info=\u00a0\u00bb{}\u00a0\u00bb][et_pb_column_inner saved_specialty_column_type=\u00a0\u00bb1_2&Prime; _builder_version=\u00a0\u00bb4.23.1&Prime; _module_preset=\u00a0\u00bbdefault\u00a0\u00bb global_colors_info=\u00a0\u00bb{}\u00a0\u00bb][et_pb_button button_text=\u00a0\u00bbR\u00e9servez votre consultation\u00a0\u00bb _builder_version=\u00a0\u00bb4.23.4&Prime; _module_preset=\u00a0\u00bbdefault\u00a0\u00bb custom_button=\u00a0\u00bbon\u00a0\u00bb button_text_color=\u00a0\u00bb#FFFFFF\u00a0\u00bb button_bg_color=\u00a0\u00bb#00007f\u00a0\u00bb button_border_radius=\u00a0\u00bb25px\u00a0\u00bb button_font=\u00a0\u00bbRufina|||on|||||\u00a0\u00bb custom_margin=\u00a0\u00bb||||false|false\u00a0\u00bb custom_margin_tablet=\u00a0\u00bb||||false|false\u00a0\u00bb custom_margin_phone=\u00a0\u00bb|||50px|false|false\u00a0\u00bb custom_margin_last_edited=\u00a0\u00bbon|desktop\u00a0\u00bb hover_enabled=\u00a0\u00bb0&Prime; button_text_size_tablet=\u00a0\u00bb\u00a0\u00bb button_text_size_phone=\u00a0\u00bb14px\u00a0\u00bb button_text_size_last_edited=\u00a0\u00bbon|phone\u00a0\u00bb global_colors_info=\u00a0\u00bb{}\u00a0\u00bb button_url=\u00a0\u00bbhttps:\/\/avocatconnect.fr\/index.php\/contact\/\u00a0\u00bb sticky_enabled=\u00a0\u00bb0&Prime;][\/et_pb_button][\/et_pb_column_inner][\/et_pb_row_inner][et_pb_row_inner _builder_version=\u00a0\u00bb4.23.1&Prime; _module_preset=\u00a0\u00bbdefault\u00a0\u00bb width=\u00a0\u00bb100%\u00a0\u00bb custom_margin=\u00a0\u00bb|||21px||\u00a0\u00bb global_colors_info=\u00a0\u00bb{}\u00a0\u00bb][et_pb_column_inner saved_specialty_column_type=\u00a0\u00bb1_2&Prime; _builder_version=\u00a0\u00bb4.23.1&Prime; _module_preset=\u00a0\u00bbdefault\u00a0\u00bb global_colors_info=\u00a0\u00bb{}\u00a0\u00bb][et_pb_blurb title=\u00a0\u00bbExpertise juridique\u00a0\u00bb use_icon=\u00a0\u00bbon\u00a0\u00bb font_icon=\u00a0\u00bb&#xe052;||divi||400&Prime; icon_color=\u00a0\u00bb#bc1823&Prime; icon_placement=\u00a0\u00bbleft\u00a0\u00bb image_icon_width=\u00a0\u00bb22px\u00a0\u00bb content_max_width=\u00a0\u00bb100%\u00a0\u00bb _builder_version=\u00a0\u00bb4.23.1&Prime; header_level=\u00a0\u00bbh5&Prime; header_font=\u00a0\u00bbRufina||||||||\u00a0\u00bb header_text_align=\u00a0\u00bbleft\u00a0\u00bb header_text_color=\u00a0\u00bb#000000&Prime; header_font_size=\u00a0\u00bb16px\u00a0\u00bb header_line_height=\u00a0\u00bb1.5em\u00a0\u00bb text_orientation=\u00a0\u00bbcenter\u00a0\u00bb width=\u00a0\u00bb100%\u00a0\u00bb custom_margin=\u00a0\u00bb||10px|\u00a0\u00bb custom_padding=\u00a0\u00bb|||\u00a0\u00bb animation=\u00a0\u00bboff\u00a0\u00bb icon_font_size=\u00a0\u00bb22px\u00a0\u00bb locked=\u00a0\u00bboff\u00a0\u00bb global_colors_info=\u00a0\u00bb{}\u00a0\u00bb][\/et_pb_blurb][et_pb_blurb title=\u00a0\u00bbConflits familiaux\u00a0\u00bb use_icon=\u00a0\u00bbon\u00a0\u00bb font_icon=\u00a0\u00bb&#xe052;||divi||400&Prime; icon_color=\u00a0\u00bb#bc1823&Prime; icon_placement=\u00a0\u00bbleft\u00a0\u00bb image_icon_width=\u00a0\u00bb22px\u00a0\u00bb content_max_width=\u00a0\u00bb100%\u00a0\u00bb _builder_version=\u00a0\u00bb4.23.1&Prime; header_level=\u00a0\u00bbh5&Prime; header_font=\u00a0\u00bbRufina||||||||\u00a0\u00bb header_text_align=\u00a0\u00bbleft\u00a0\u00bb header_text_color=\u00a0\u00bb#000000&Prime; header_font_size=\u00a0\u00bb16px\u00a0\u00bb header_line_height=\u00a0\u00bb1.5em\u00a0\u00bb text_orientation=\u00a0\u00bbcenter\u00a0\u00bb custom_margin=\u00a0\u00bb||10px|\u00a0\u00bb custom_padding=\u00a0\u00bb|||\u00a0\u00bb animation=\u00a0\u00bboff\u00a0\u00bb icon_font_size=\u00a0\u00bb22px\u00a0\u00bb locked=\u00a0\u00bboff\u00a0\u00bb global_colors_info=\u00a0\u00bb{}\u00a0\u00bb][\/et_pb_blurb][et_pb_blurb title=\u00a0\u00bbSuccession s\u00e9curis\u00e9e\u00a0\u00bb use_icon=\u00a0\u00bbon\u00a0\u00bb font_icon=\u00a0\u00bb&#xe052;||divi||400&Prime; icon_color=\u00a0\u00bb#bc1823&Prime; icon_placement=\u00a0\u00bbleft\u00a0\u00bb image_icon_width=\u00a0\u00bb22px\u00a0\u00bb content_max_width=\u00a0\u00bb100%\u00a0\u00bb _builder_version=\u00a0\u00bb4.23.1&Prime; header_level=\u00a0\u00bbh5&Prime; header_font=\u00a0\u00bbRufina||||||||\u00a0\u00bb header_text_align=\u00a0\u00bbleft\u00a0\u00bb header_text_color=\u00a0\u00bb#000000&Prime; header_font_size=\u00a0\u00bb16px\u00a0\u00bb header_line_height=\u00a0\u00bb1.5em\u00a0\u00bb text_orientation=\u00a0\u00bbcenter\u00a0\u00bb custom_margin=\u00a0\u00bb||10px|\u00a0\u00bb custom_padding=\u00a0\u00bb|||\u00a0\u00bb animation=\u00a0\u00bboff\u00a0\u00bb icon_font_size=\u00a0\u00bb22px\u00a0\u00bb locked=\u00a0\u00bboff\u00a0\u00bb global_colors_info=\u00a0\u00bb{}\u00a0\u00bb][\/et_pb_blurb][et_pb_blurb title=\u00a0\u00bbAssistance l\u00e9gale rapide\u00a0\u00bb use_icon=\u00a0\u00bbon\u00a0\u00bb font_icon=\u00a0\u00bb&#xe052;||divi||400&Prime; icon_color=\u00a0\u00bb#bc1823&Prime; icon_placement=\u00a0\u00bbleft\u00a0\u00bb image_icon_width=\u00a0\u00bb22px\u00a0\u00bb content_max_width=\u00a0\u00bb100%\u00a0\u00bb _builder_version=\u00a0\u00bb4.23.1&Prime; header_level=\u00a0\u00bbh5&Prime; header_font=\u00a0\u00bbRufina||||||||\u00a0\u00bb header_text_align=\u00a0\u00bbleft\u00a0\u00bb header_text_color=\u00a0\u00bb#000000&Prime; header_font_size=\u00a0\u00bb16px\u00a0\u00bb header_line_height=\u00a0\u00bb1.5em\u00a0\u00bb text_orientation=\u00a0\u00bbcenter\u00a0\u00bb custom_margin=\u00a0\u00bb||10px|\u00a0\u00bb custom_padding=\u00a0\u00bb|||\u00a0\u00bb animation=\u00a0\u00bboff\u00a0\u00bb icon_font_size=\u00a0\u00bb22px\u00a0\u00bb locked=\u00a0\u00bboff\u00a0\u00bb global_colors_info=\u00a0\u00bb{}\u00a0\u00bb][\/et_pb_blurb][et_pb_blurb title=\u00a0\u00bbExpertise en divorce\u00a0\u00bb use_icon=\u00a0\u00bbon\u00a0\u00bb font_icon=\u00a0\u00bb&#xe052;||divi||400&Prime; icon_color=\u00a0\u00bb#bc1823&Prime; icon_placement=\u00a0\u00bbleft\u00a0\u00bb image_icon_width=\u00a0\u00bb22px\u00a0\u00bb content_max_width=\u00a0\u00bb100%\u00a0\u00bb _builder_version=\u00a0\u00bb4.23.1&Prime; header_level=\u00a0\u00bbh5&Prime; header_font=\u00a0\u00bbRufina||||||||\u00a0\u00bb header_text_align=\u00a0\u00bbleft\u00a0\u00bb header_text_color=\u00a0\u00bb#000000&Prime; header_font_size=\u00a0\u00bb16px\u00a0\u00bb header_line_height=\u00a0\u00bb1.5em\u00a0\u00bb text_orientation=\u00a0\u00bbcenter\u00a0\u00bb custom_margin=\u00a0\u00bb||10px|\u00a0\u00bb custom_padding=\u00a0\u00bb|||\u00a0\u00bb animation=\u00a0\u00bboff\u00a0\u00bb icon_font_size=\u00a0\u00bb22px\u00a0\u00bb locked=\u00a0\u00bboff\u00a0\u00bb global_colors_info=\u00a0\u00bb{}\u00a0\u00bb][\/et_pb_blurb][\/et_pb_column_inner][\/et_pb_row_inner][\/et_pb_column][et_pb_column type=\u00a0\u00bb1_2&Prime; _builder_version=\u00a0\u00bb4.16&Prime; custom_padding=\u00a0\u00bb|||\u00a0\u00bb global_colors_info=\u00a0\u00bb{}\u00a0\u00bb custom_padding__hover=\u00a0\u00bb|||\u00a0\u00bb][et_pb_image src=\u00a0\u00bbhttps:\/\/avocatconnect.fr\/wp-content\/uploads\/2024\/01\/Design-sans-titre-2024-01-07T185735.762.png\u00a0\u00bb title_text=\u00a0\u00bbDesign sans titre &#8211; 2024-01-07T185735.762&Prime; _builder_version=\u00a0\u00bb4.23.1&Prime; _module_preset=\u00a0\u00bbdefault\u00a0\u00bb global_colors_info=\u00a0\u00bb{}\u00a0\u00bb][\/et_pb_image][\/et_pb_column][\/et_pb_section][et_pb_section fb_built=\u00a0\u00bb1&Prime; admin_label=\u00a0\u00bbFAQ\u00a0\u00bb _builder_version=\u00a0\u00bb4.16&Prime; custom_padding=\u00a0\u00bb9px||1px|||\u00a0\u00bb global_colors_info=\u00a0\u00bb{}\u00a0\u00bb][et_pb_row column_structure=\u00a0\u00bb1_6,1_6,1_6,1_6,1_6,1_6&Prime; use_custom_gutter=\u00a0\u00bbon\u00a0\u00bb _builder_version=\u00a0\u00bb4.16&Prime; _module_preset=\u00a0\u00bbdefault\u00a0\u00bb border_color_all=\u00a0\u00bbrgba(22,22,22,0.11)\u00a0\u00bb border_width_top=\u00a0\u00bb1px\u00a0\u00bb border_width_bottom=\u00a0\u00bb1px\u00a0\u00bb global_colors_info=\u00a0\u00bb{}\u00a0\u00bb][et_pb_column type=\u00a0\u00bb1_6&Prime; _builder_version=\u00a0\u00bb4.16&Prime; _module_preset=\u00a0\u00bbdefault\u00a0\u00bb global_colors_info=\u00a0\u00bb{}\u00a0\u00bb][et_pb_blurb title=\u00a0\u00bbDivorce et s\u00e9paration\u00a0\u00bb image=\u00a0\u00bbhttps:\/\/avocatconnect.fr\/wp-content\/uploads\/2024\/01\/Sans-titre-64-x-64-px-41.png\u00a0\u00bb image_icon_width=\u00a0\u00bb50px\u00a0\u00bb _builder_version=\u00a0\u00bb4.23.1&Prime; _module_preset=\u00a0\u00bbdefault\u00a0\u00bb header_font=\u00a0\u00bbVidaloka||||||||\u00a0\u00bb header_text_align=\u00a0\u00bbcenter\u00a0\u00bb header_text_color=\u00a0\u00bb#161616&Prime; header_line_height=\u00a0\u00bb1.4em\u00a0\u00bb animation=\u00a0\u00bboff\u00a0\u00bb header_font_size_tablet=\u00a0\u00bb17px\u00a0\u00bb header_font_size_phone=\u00a0\u00bb16px\u00a0\u00bb header_font_size_last_edited=\u00a0\u00bbon|desktop\u00a0\u00bb global_colors_info=\u00a0\u00bb{}\u00a0\u00bb][\/et_pb_blurb][\/et_pb_column][et_pb_column type=\u00a0\u00bb1_6&Prime; _builder_version=\u00a0\u00bb4.16&Prime; _module_preset=\u00a0\u00bbdefault\u00a0\u00bb global_colors_info=\u00a0\u00bb{}\u00a0\u00bb][et_pb_blurb title=\u00a0\u00bbGarde d&rsquo;enfants\u00a0\u00bb image=\u00a0\u00bbhttps:\/\/avocatconnect.fr\/wp-content\/uploads\/2024\/01\/Sans-titre-64-x-64-px-43.png\u00a0\u00bb image_icon_width=\u00a0\u00bb79%\u00a0\u00bb _builder_version=\u00a0\u00bb4.23.1&Prime; _module_preset=\u00a0\u00bbdefault\u00a0\u00bb header_font=\u00a0\u00bbVidaloka||||||||\u00a0\u00bb header_text_align=\u00a0\u00bbcenter\u00a0\u00bb header_text_color=\u00a0\u00bb#161616&Prime; header_line_height=\u00a0\u00bb1.4em\u00a0\u00bb animation=\u00a0\u00bboff\u00a0\u00bb locked=\u00a0\u00bboff\u00a0\u00bb global_colors_info=\u00a0\u00bb{}\u00a0\u00bb][\/et_pb_blurb][\/et_pb_column][et_pb_column type=\u00a0\u00bb1_6&Prime; _builder_version=\u00a0\u00bb4.16&Prime; _module_preset=\u00a0\u00bbdefault\u00a0\u00bb global_colors_info=\u00a0\u00bb{}\u00a0\u00bb][et_pb_blurb title=\u00a0\u00bbPension alimentaire\u00a0\u00bb image=\u00a0\u00bbhttps:\/\/avocatconnect.fr\/wp-content\/uploads\/2024\/01\/Sans-titre-64-x-64-px-44.png\u00a0\u00bb image_icon_width=\u00a0\u00bb83%\u00a0\u00bb _builder_version=\u00a0\u00bb4.23.1&Prime; _module_preset=\u00a0\u00bbdefault\u00a0\u00bb header_font=\u00a0\u00bbVidaloka||||||||\u00a0\u00bb header_text_align=\u00a0\u00bbcenter\u00a0\u00bb header_text_color=\u00a0\u00bb#161616&Prime; header_line_height=\u00a0\u00bb1.4em\u00a0\u00bb animation=\u00a0\u00bboff\u00a0\u00bb locked=\u00a0\u00bboff\u00a0\u00bb global_colors_info=\u00a0\u00bb{}\u00a0\u00bb][\/et_pb_blurb][\/et_pb_column][et_pb_column type=\u00a0\u00bb1_6&Prime; _builder_version=\u00a0\u00bb4.16&Prime; _module_preset=\u00a0\u00bbdefault\u00a0\u00bb global_colors_info=\u00a0\u00bb{}\u00a0\u00bb][et_pb_blurb title=\u00a0\u00bbSuccession\u00a0\u00bb image=\u00a0\u00bbhttps:\/\/avocatconnect.fr\/wp-content\/uploads\/2024\/01\/Sans-titre-64-x-64-px-45.png\u00a0\u00bb image_icon_width=\u00a0\u00bb83%\u00a0\u00bb _builder_version=\u00a0\u00bb4.23.1&Prime; _module_preset=\u00a0\u00bbdefault\u00a0\u00bb header_font=\u00a0\u00bbVidaloka||||||||\u00a0\u00bb header_text_align=\u00a0\u00bbcenter\u00a0\u00bb header_text_color=\u00a0\u00bb#161616&Prime; header_line_height=\u00a0\u00bb1.4em\u00a0\u00bb animation=\u00a0\u00bboff\u00a0\u00bb locked=\u00a0\u00bboff\u00a0\u00bb global_colors_info=\u00a0\u00bb{}\u00a0\u00bb][\/et_pb_blurb][\/et_pb_column][et_pb_column type=\u00a0\u00bb1_6&Prime; _builder_version=\u00a0\u00bb4.16&Prime; _module_preset=\u00a0\u00bbdefault\u00a0\u00bb global_colors_info=\u00a0\u00bb{}\u00a0\u00bb][et_pb_blurb title=\u00a0\u00bbAdoption\u00a0\u00bb image=\u00a0\u00bbhttps:\/\/avocatconnect.fr\/wp-content\/uploads\/2024\/01\/Sans-titre-64-x-64-px-46.png\u00a0\u00bb image_icon_width=\u00a0\u00bb83%\u00a0\u00bb _builder_version=\u00a0\u00bb4.23.1&Prime; _module_preset=\u00a0\u00bbdefault\u00a0\u00bb header_font=\u00a0\u00bbVidaloka||||||||\u00a0\u00bb header_text_align=\u00a0\u00bbcenter\u00a0\u00bb header_text_color=\u00a0\u00bb#161616&Prime; header_line_height=\u00a0\u00bb1.4em\u00a0\u00bb animation=\u00a0\u00bboff\u00a0\u00bb locked=\u00a0\u00bboff\u00a0\u00bb global_colors_info=\u00a0\u00bb{}\u00a0\u00bb][\/et_pb_blurb][\/et_pb_column][et_pb_column type=\u00a0\u00bb1_6&Prime; _builder_version=\u00a0\u00bb4.16&Prime; _module_preset=\u00a0\u00bbdefault\u00a0\u00bb global_colors_info=\u00a0\u00bb{}\u00a0\u00bb][et_pb_blurb title=\u00a0\u00bbViolence \u00a0\u00bb image=\u00a0\u00bbhttps:\/\/avocatconnect.fr\/wp-content\/uploads\/2024\/01\/Sans-titre-64-x-64-px-47.png\u00a0\u00bb image_icon_width=\u00a0\u00bb83%\u00a0\u00bb _builder_version=\u00a0\u00bb4.23.1&Prime; _module_preset=\u00a0\u00bbdefault\u00a0\u00bb header_font=\u00a0\u00bbVidaloka||||||||\u00a0\u00bb header_text_align=\u00a0\u00bbcenter\u00a0\u00bb header_text_color=\u00a0\u00bb#161616&Prime; header_line_height=\u00a0\u00bb1.4em\u00a0\u00bb animation=\u00a0\u00bboff\u00a0\u00bb locked=\u00a0\u00bboff\u00a0\u00bb global_colors_info=\u00a0\u00bb{}\u00a0\u00bb][\/et_pb_blurb][\/et_pb_column][\/et_pb_row][\/et_pb_section][et_pb_section fb_built=\u00a0\u00bb1&Prime; admin_label=\u00a0\u00bbAbout Us Section\u00a0\u00bb _builder_version=\u00a0\u00bb4.16&Prime; custom_padding=\u00a0\u00bb0px|||||\u00a0\u00bb global_colors_info=\u00a0\u00bb{}\u00a0\u00bb][et_pb_row column_structure=\u00a0\u00bb1_2,1_2&Prime; _builder_version=\u00a0\u00bb4.16&Prime; custom_margin=\u00a0\u00bb||10px|\u00a0\u00bb locked=\u00a0\u00bboff\u00a0\u00bb global_colors_info=\u00a0\u00bb{}\u00a0\u00bb][et_pb_column type=\u00a0\u00bb1_2&Prime; _builder_version=\u00a0\u00bb4.16&Prime; custom_padding=\u00a0\u00bb|||\u00a0\u00bb global_colors_info=\u00a0\u00bb{}\u00a0\u00bb custom_padding__hover=\u00a0\u00bb|||\u00a0\u00bb][et_pb_divider color=\u00a0\u00bb#00007f\u00a0\u00bb divider_weight=\u00a0\u00bb5px\u00a0\u00bb _builder_version=\u00a0\u00bb4.23.1&Prime; max_width=\u00a0\u00bb50px\u00a0\u00bb height=\u00a0\u00bb0px\u00a0\u00bb global_colors_info=\u00a0\u00bb{}\u00a0\u00bb][\/et_pb_divider][et_pb_blurb title=\u00a0\u00bbDivorce et S\u00e9paration \u00a0\u00bb content_max_width=\u00a0\u00bb100%\u00a0\u00bb _builder_version=\u00a0\u00bb4.23.1&Prime; header_font=\u00a0\u00bbRufina||||||||\u00a0\u00bb header_text_color=\u00a0\u00bb#00007f\u00a0\u00bb header_font_size=\u00a0\u00bb20px\u00a0\u00bb header_line_height=\u00a0\u00bb1.5em\u00a0\u00bb body_font=\u00a0\u00bbRufina||||||||\u00a0\u00bb body_text_align=\u00a0\u00bbjustify\u00a0\u00bb body_text_color=\u00a0\u00bb#000000&Prime; body_line_height=\u00a0\u00bb1.9em\u00a0\u00bb custom_margin=\u00a0\u00bb||10px|\u00a0\u00bb animation=\u00a0\u00bboff\u00a0\u00bb header_font_size_tablet=\u00a0\u00bb30px\u00a0\u00bb header_font_size_phone=\u00a0\u00bb25px\u00a0\u00bb header_font_size_last_edited=\u00a0\u00bboff|desktop\u00a0\u00bb global_colors_info=\u00a0\u00bb{}\u00a0\u00bb]<p>Nous accompagnons nos clients dans toutes les \u00e9tapes du divorce ou de la s\u00e9paration, y compris la m\u00e9diation, la n\u00e9gociation des accords de s\u00e9paration et la repr\u00e9sentation en justice.<\/p>[\/et_pb_blurb][et_pb_divider color=\u00a0\u00bb#00007f\u00a0\u00bb divider_weight=\u00a0\u00bb5px\u00a0\u00bb _builder_version=\u00a0\u00bb4.23.1&Prime; max_width=\u00a0\u00bb50px\u00a0\u00bb height=\u00a0\u00bb0px\u00a0\u00bb global_colors_info=\u00a0\u00bb{}\u00a0\u00bb][\/et_pb_divider][et_pb_blurb title=\u00a0\u00bbSuccessions et Testaments \u00a0\u00bb content_max_width=\u00a0\u00bb100%\u00a0\u00bb _builder_version=\u00a0\u00bb4.23.1&Prime; header_font=\u00a0\u00bbRufina||||||||\u00a0\u00bb header_text_color=\u00a0\u00bb#00007f\u00a0\u00bb header_font_size=\u00a0\u00bb20px\u00a0\u00bb header_line_height=\u00a0\u00bb1.5em\u00a0\u00bb body_font=\u00a0\u00bbRufina||||||||\u00a0\u00bb body_text_align=\u00a0\u00bbjustify\u00a0\u00bb body_text_color=\u00a0\u00bb#000000&Prime; body_line_height=\u00a0\u00bb1.9em\u00a0\u00bb custom_margin=\u00a0\u00bb||10px|\u00a0\u00bb animation=\u00a0\u00bboff\u00a0\u00bb locked=\u00a0\u00bboff\u00a0\u00bb global_colors_info=\u00a0\u00bb{}\u00a0\u00bb]<p>Conseils et assistance dans la gestion des successions, la r\u00e9daction de testaments et la r\u00e9solution des litiges successoraux.<\/p>[\/et_pb_blurb][\/et_pb_column][et_pb_column type=\u00a0\u00bb1_2&Prime; _builder_version=\u00a0\u00bb4.16&Prime; custom_padding=\u00a0\u00bb|||\u00a0\u00bb global_colors_info=\u00a0\u00bb{}\u00a0\u00bb custom_padding__hover=\u00a0\u00bb|||\u00a0\u00bb][et_pb_divider color=\u00a0\u00bb#00007f\u00a0\u00bb divider_weight=\u00a0\u00bb5px\u00a0\u00bb _builder_version=\u00a0\u00bb4.23.1&Prime; max_width=\u00a0\u00bb50px\u00a0\u00bb height=\u00a0\u00bb0px\u00a0\u00bb global_colors_info=\u00a0\u00bb{}\u00a0\u00bb][\/et_pb_divider][et_pb_blurb title=\u00a0\u00bbGarde des Enfants et Pension Alimentaire \u00a0\u00bb content_max_width=\u00a0\u00bb100%\u00a0\u00bb _builder_version=\u00a0\u00bb4.23.1&Prime; header_font=\u00a0\u00bbRufina||||||||\u00a0\u00bb header_text_color=\u00a0\u00bb#00007f\u00a0\u00bb header_font_size=\u00a0\u00bb20px\u00a0\u00bb header_line_height=\u00a0\u00bb1.5em\u00a0\u00bb body_font=\u00a0\u00bbRufina||||||||\u00a0\u00bb body_text_align=\u00a0\u00bbjustify\u00a0\u00bb body_text_color=\u00a0\u00bb#000000&Prime; body_line_height=\u00a0\u00bb1.9em\u00a0\u00bb custom_margin=\u00a0\u00bb||10px|\u00a0\u00bb animation=\u00a0\u00bboff\u00a0\u00bb global_colors_info=\u00a0\u00bb{}\u00a0\u00bb]<p>\u00a0Assistance dans la d\u00e9termination de la garde des enfants, des visites et de la pension alimentaire, en veillant \u00e0 prot\u00e9ger les int\u00e9r\u00eats des enfants et des parents<\/p>[\/et_pb_blurb][et_pb_divider color=\u00a0\u00bb#00007f\u00a0\u00bb divider_weight=\u00a0\u00bb5px\u00a0\u00bb _builder_version=\u00a0\u00bb4.23.1&Prime; max_width=\u00a0\u00bb50px\u00a0\u00bb height=\u00a0\u00bb0px\u00a0\u00bb global_colors_info=\u00a0\u00bb{}\u00a0\u00bb][\/et_pb_divider][et_pb_blurb title=\u00a0\u00bbAdoption\u00a0\u00bb content_max_width=\u00a0\u00bb100%\u00a0\u00bb _builder_version=\u00a0\u00bb4.23.1&Prime; header_font=\u00a0\u00bbRufina||||||||\u00a0\u00bb header_text_color=\u00a0\u00bb#00007f\u00a0\u00bb header_font_size=\u00a0\u00bb20px\u00a0\u00bb header_line_height=\u00a0\u00bb1.5em\u00a0\u00bb body_font=\u00a0\u00bbRufina||||||||\u00a0\u00bb body_text_align=\u00a0\u00bbjustify\u00a0\u00bb body_text_color=\u00a0\u00bb#000000&Prime; body_line_height=\u00a0\u00bb1.9em\u00a0\u00bb custom_margin=\u00a0\u00bb||10px|\u00a0\u00bb animation=\u00a0\u00bboff\u00a0\u00bb global_colors_info=\u00a0\u00bb{}\u00a0\u00bb]<p>Guidance et soutien juridique pour les familles souhaitant adopter, en s&rsquo;assurant que toutes les proc\u00e9dures l\u00e9gales sont respect\u00e9es<\/p>[\/et_pb_blurb][\/et_pb_column][\/et_pb_row][\/et_pb_section]\n","protected":false},"excerpt":{"rendered":"<p>Droit de la FamilleEn droit de la famille, notre expertise englobe des conseils sur mesure, un accompagnement solide dans les situations de divorce, de garde d&rsquo;enfants, de successions, d&rsquo;adoption, et m\u00eame de violence conjugale. Notre \u00e9quipe d\u00e9vou\u00e9e vous soutient dans chaque \u00e9tape de votre affaire familiale, vous offrant expertise et empathie.\u00a0\u00bbNous accompagnons nos clients dans [&hellip;]<\/p>\n","protected":false},"author":1,"featured_media":0,"parent":0,"menu_order":0,"comment_status":"closed","ping_status":"closed","template":"","meta":{"_et_pb_use_builder":"on","_et_pb_old_content":"","_et_gb_content_width":"","content-type":"","footnotes":""},"class_list":["post-691","page","type-page","status-publish","hentry"],"yoast_head":"<!-- This site is optimized with the Yoast SEO plugin v27.5 - https:\/\/yoast.com\/product\/yoast-seo-wordpress\/ -->\n<title>Avocat en Droit de la Famille \u00e0 Paris - Assistance professionnelle<\/title>\n<meta name=\"description\" content=\"Besoin d&#039;aide dans une affaire de Droit de la Famille? Notre \u00e9quipe d&#039;Avocats sp\u00e9cialis\u00e9s vous offre des conseils avis\u00e9s\" \/>\n<meta name=\"robots\" content=\"index, follow, max-snippet:-1, max-image-preview:large, max-video-preview:-1\" \/>\n<link rel=\"canonical\" href=\"https:\/\/avocatconnect.fr\/index.php\/droit-de-la-famille\/\" \/>\n<meta property=\"og:locale\" content=\"fr_FR\" \/>\n<meta property=\"og:type\" content=\"article\" \/>\n<meta property=\"og:title\" content=\"Avocat en Droit de la Famille \u00e0 Paris - Assistance professionnelle\" \/>\n<meta property=\"og:description\" content=\"Besoin d&#039;aide dans une affaire de Droit de la Famille? Notre \u00e9quipe d&#039;Avocats sp\u00e9cialis\u00e9s vous offre des conseils avis\u00e9s\" \/>\n<meta property=\"og:url\" content=\"https:\/\/avocatconnect.fr\/index.php\/droit-de-la-famille\/\" \/>\n<meta property=\"og:site_name\" content=\"Avocatconnect\" \/>\n<meta property=\"article:publisher\" content=\"https:\/\/www.facebook.com\/profile.php?id=61552564803451&amp;mibextid=ZbWKwL\" \/>\n<meta property=\"article:modified_time\" content=\"2024-02-08T10:03:14+00:00\" \/>\n<meta property=\"og:image\" content=\"https:\/\/avocatconnect.fr\/wp-content\/uploads\/2024\/01\/Design-sans-titre-2024-01-12T152535.338.png\" \/>\n\t<meta property=\"og:image:width\" content=\"400\" \/>\n\t<meta property=\"og:image:height\" content=\"400\" \/>\n\t<meta property=\"og:image:type\" content=\"image\/png\" \/>\n<meta name=\"twitter:card\" content=\"summary_large_image\" \/>\n<meta name=\"twitter:site\" content=\"@AvocatConnect\" \/>\n<meta name=\"twitter:label1\" content=\"Dur\u00e9e de lecture estim\u00e9e\" \/>\n\t<meta name=\"twitter:data1\" content=\"3 minutes\" \/>\n<script type=\"application\/ld+json\" class=\"yoast-schema-graph\">{\"@context\":\"https:\\\/\\\/schema.org\",\"@graph\":[{\"@type\":\"WebPage\",\"@id\":\"https:\\\/\\\/avocatconnect.fr\\\/index.php\\\/droit-de-la-famille\\\/\",\"url\":\"https:\\\/\\\/avocatconnect.fr\\\/index.php\\\/droit-de-la-famille\\\/\",\"name\":\"Avocat en Droit de la Famille \u00e0 Paris - Assistance professionnelle\",\"isPartOf\":{\"@id\":\"https:\\\/\\\/avocatconnect.fr\\\/#website\"},\"datePublished\":\"2023-12-18T12:46:36+00:00\",\"dateModified\":\"2024-02-08T10:03:14+00:00\",\"description\":\"Besoin d'aide dans une affaire de Droit de la Famille? Notre \u00e9quipe d'Avocats sp\u00e9cialis\u00e9s vous offre des conseils avis\u00e9s\",\"breadcrumb\":{\"@id\":\"https:\\\/\\\/avocatconnect.fr\\\/index.php\\\/droit-de-la-famille\\\/#breadcrumb\"},\"inLanguage\":\"fr-FR\",\"potentialAction\":[{\"@type\":\"ReadAction\",\"target\":[\"https:\\\/\\\/avocatconnect.fr\\\/index.php\\\/droit-de-la-famille\\\/\"]}]},{\"@type\":\"BreadcrumbList\",\"@id\":\"https:\\\/\\\/avocatconnect.fr\\\/index.php\\\/droit-de-la-famille\\\/#breadcrumb\",\"itemListElement\":[{\"@type\":\"ListItem\",\"position\":1,\"name\":\"Accueil\",\"item\":\"https:\\\/\\\/avocatconnect.fr\\\/\"},{\"@type\":\"ListItem\",\"position\":2,\"name\":\"Droit de la famille\"}]},{\"@type\":\"WebSite\",\"@id\":\"https:\\\/\\\/avocatconnect.fr\\\/#website\",\"url\":\"https:\\\/\\\/avocatconnect.fr\\\/\",\"name\":\"Avocatconnect\",\"description\":\"Trouvez l\u2018expertise juridique dont vous avez besoin\",\"publisher\":{\"@id\":\"https:\\\/\\\/avocatconnect.fr\\\/#organization\"},\"potentialAction\":[{\"@type\":\"SearchAction\",\"target\":{\"@type\":\"EntryPoint\",\"urlTemplate\":\"https:\\\/\\\/avocatconnect.fr\\\/?s={search_term_string}\"},\"query-input\":{\"@type\":\"PropertyValueSpecification\",\"valueRequired\":true,\"valueName\":\"search_term_string\"}}],\"inLanguage\":\"fr-FR\"},{\"@type\":\"Organization\",\"@id\":\"https:\\\/\\\/avocatconnect.fr\\\/#organization\",\"name\":\"Avocatconnect\",\"url\":\"https:\\\/\\\/avocatconnect.fr\\\/\",\"logo\":{\"@type\":\"ImageObject\",\"inLanguage\":\"fr-FR\",\"@id\":\"https:\\\/\\\/avocatconnect.fr\\\/#\\\/schema\\\/logo\\\/image\\\/\",\"url\":\"https:\\\/\\\/avocatconnect.fr\\\/wp-content\\\/uploads\\\/2024\\\/02\\\/logo-avocat-connect.png\",\"contentUrl\":\"https:\\\/\\\/avocatconnect.fr\\\/wp-content\\\/uploads\\\/2024\\\/02\\\/logo-avocat-connect.png\",\"width\":400,\"height\":200,\"caption\":\"Avocatconnect\"},\"image\":{\"@id\":\"https:\\\/\\\/avocatconnect.fr\\\/#\\\/schema\\\/logo\\\/image\\\/\"},\"sameAs\":[\"https:\\\/\\\/www.facebook.com\\\/profile.php?id=61552564803451&mibextid=ZbWKwL\",\"https:\\\/\\\/x.com\\\/AvocatConnect\",\"https:\\\/\\\/www.tiktok.com\\\/@avocatconnect?_t=8iyMeHc2sX0&_r=1\",\"https:\\\/\\\/www.linkedin.com\\\/company\\\/avocat-connect\\\/?viewAsMember=true\"]}]}<\/script>\n<!-- \/ Yoast SEO plugin. -->","yoast_head_json":{"title":"Avocat en Droit de la Famille \u00e0 Paris - Assistance professionnelle","description":"Besoin d'aide dans une affaire de Droit de la Famille? Notre \u00e9quipe d'Avocats sp\u00e9cialis\u00e9s vous offre des conseils avis\u00e9s","robots":{"index":"index","follow":"follow","max-snippet":"max-snippet:-1","max-image-preview":"max-image-preview:large","max-video-preview":"max-video-preview:-1"},"canonical":"https:\/\/avocatconnect.fr\/index.php\/droit-de-la-famille\/","og_locale":"fr_FR","og_type":"article","og_title":"Avocat en Droit de la Famille \u00e0 Paris - Assistance professionnelle","og_description":"Besoin d'aide dans une affaire de Droit de la Famille? Notre \u00e9quipe d'Avocats sp\u00e9cialis\u00e9s vous offre des conseils avis\u00e9s","og_url":"https:\/\/avocatconnect.fr\/index.php\/droit-de-la-famille\/","og_site_name":"Avocatconnect","article_publisher":"https:\/\/www.facebook.com\/profile.php?id=61552564803451&mibextid=ZbWKwL","article_modified_time":"2024-02-08T10:03:14+00:00","og_image":[{"width":400,"height":400,"url":"https:\/\/avocatconnect.fr\/wp-content\/uploads\/2024\/01\/Design-sans-titre-2024-01-12T152535.338.png","type":"image\/png"}],"twitter_card":"summary_large_image","twitter_site":"@AvocatConnect","twitter_misc":{"Dur\u00e9e de lecture estim\u00e9e":"3 minutes"},"schema":{"@context":"https:\/\/schema.org","@graph":[{"@type":"WebPage","@id":"https:\/\/avocatconnect.fr\/index.php\/droit-de-la-famille\/","url":"https:\/\/avocatconnect.fr\/index.php\/droit-de-la-famille\/","name":"Avocat en Droit de la Famille \u00e0 Paris - Assistance professionnelle","isPartOf":{"@id":"https:\/\/avocatconnect.fr\/#website"},"datePublished":"2023-12-18T12:46:36+00:00","dateModified":"2024-02-08T10:03:14+00:00","description":"Besoin d'aide dans une affaire de Droit de la Famille? Notre \u00e9quipe d'Avocats sp\u00e9cialis\u00e9s vous offre des conseils avis\u00e9s","breadcrumb":{"@id":"https:\/\/avocatconnect.fr\/index.php\/droit-de-la-famille\/#breadcrumb"},"inLanguage":"fr-FR","potentialAction":[{"@type":"ReadAction","target":["https:\/\/avocatconnect.fr\/index.php\/droit-de-la-famille\/"]}]},{"@type":"BreadcrumbList","@id":"https:\/\/avocatconnect.fr\/index.php\/droit-de-la-famille\/#breadcrumb","itemListElement":[{"@type":"ListItem","position":1,"name":"Accueil","item":"https:\/\/avocatconnect.fr\/"},{"@type":"ListItem","position":2,"name":"Droit de la famille"}]},{"@type":"WebSite","@id":"https:\/\/avocatconnect.fr\/#website","url":"https:\/\/avocatconnect.fr\/","name":"Avocatconnect","description":"Trouvez l\u2018expertise juridique dont vous avez besoin","publisher":{"@id":"https:\/\/avocatconnect.fr\/#organization"},"potentialAction":[{"@type":"SearchAction","target":{"@type":"EntryPoint","urlTemplate":"https:\/\/avocatconnect.fr\/?s={search_term_string}"},"query-input":{"@type":"PropertyValueSpecification","valueRequired":true,"valueName":"search_term_string"}}],"inLanguage":"fr-FR"},{"@type":"Organization","@id":"https:\/\/avocatconnect.fr\/#organization","name":"Avocatconnect","url":"https:\/\/avocatconnect.fr\/","logo":{"@type":"ImageObject","inLanguage":"fr-FR","@id":"https:\/\/avocatconnect.fr\/#\/schema\/logo\/image\/","url":"https:\/\/avocatconnect.fr\/wp-content\/uploads\/2024\/02\/logo-avocat-connect.png","contentUrl":"https:\/\/avocatconnect.fr\/wp-content\/uploads\/2024\/02\/logo-avocat-connect.png","width":400,"height":200,"caption":"Avocatconnect"},"image":{"@id":"https:\/\/avocatconnect.fr\/#\/schema\/logo\/image\/"},"sameAs":["https:\/\/www.facebook.com\/profile.php?id=61552564803451&mibextid=ZbWKwL","https:\/\/x.com\/AvocatConnect","https:\/\/www.tiktok.com\/@avocatconnect?_t=8iyMeHc2sX0&_r=1","https:\/\/www.linkedin.com\/company\/avocat-connect\/?viewAsMember=true"]}]}},"_links":{"self":[{"href":"https:\/\/avocatconnect.fr\/index.php\/wp-json\/wp\/v2\/pages\/691","targetHints":{"allow":["GET"]}}],"collection":[{"href":"https:\/\/avocatconnect.fr\/index.php\/wp-json\/wp\/v2\/pages"}],"about":[{"href":"https:\/\/avocatconnect.fr\/index.php\/wp-json\/wp\/v2\/types\/page"}],"author":[{"embeddable":true,"href":"https:\/\/avocatconnect.fr\/index.php\/wp-json\/wp\/v2\/users\/1"}],"replies":[{"embeddable":true,"href":"https:\/\/avocatconnect.fr\/index.php\/wp-json\/wp\/v2\/comments?post=691"}],"version-history":[{"count":96,"href":"https:\/\/avocatconnect.fr\/index.php\/wp-json\/wp\/v2\/pages\/691\/revisions"}],"predecessor-version":[{"id":2855,"href":"https:\/\/avocatconnect.fr\/index.php\/wp-json\/wp\/v2\/pages\/691\/revisions\/2855"}],"wp:attachment":[{"href":"https:\/\/avocatconnect.fr\/index.php\/wp-json\/wp\/v2\/media?parent=691"}],"curies":[{"name":"wp","href":"https:\/\/api.w.org\/{rel}","templated":true}]}}